{"id":847,"date":"2022-02-23T15:45:55","date_gmt":"2022-02-23T14:45:55","guid":{"rendered":"https:\/\/panavan.fr\/?page_id=847"},"modified":"2026-01-14T17:06:05","modified_gmt":"2026-01-14T16:06:05","slug":"achievements","status":"publish","type":"page","link":"https:\/\/panavan.fr\/en\/realisations\/","title":{"rendered":"ACHIEVEMENTS"},"content":{"rendered":"<p>[et_pb_section fb_built=\u00a0\u00bb1&Prime; custom_padding_last_edited=\u00a0\u00bbon|phone\u00a0\u00bb _builder_version=\u00a0\u00bb4.16&Prime; _module_preset=\u00a0\u00bbdefault\u00a0\u00bb custom_padding_tablet=\u00a0\u00bb\u00a0\u00bb custom_padding_phone=\u00a0\u00bb20px||||false|false\u00a0\u00bb global_colors_info=\u00a0\u00bb{}\u00a0\u00bb][et_pb_row custom_padding_last_edited=\u00a0\u00bbon|phone\u00a0\u00bb _builder_version=\u00a0\u00bb4.16&Prime; _module_preset=\u00a0\u00bbdefault\u00a0\u00bb custom_padding=\u00a0\u00bb12px|||||\u00a0\u00bb custom_padding_tablet=\u00a0\u00bb12px|||||\u00a0\u00bb custom_padding_phone=\u00a0\u00bb0px||||false|false\u00a0\u00bb global_colors_info=\u00a0\u00bb{}\u00a0\u00bb][et_pb_column type=\u00a0\u00bb4_4&Prime; _builder_version=\u00a0\u00bb4.16&Prime; _module_preset=\u00a0\u00bbdefault\u00a0\u00bb global_colors_info=\u00a0\u00bb{}\u00a0\u00bb][et_pb_text _builder_version=\u00a0\u00bb4.16&Prime; _module_preset=\u00a0\u00bbdefault\u00a0\u00bb global_colors_info=\u00a0\u00bb{}\u00a0\u00bb]<\/p>\n<h3 style=\"text-align: center;\"><strong><span style=\"color: #000000;\">Retrouvez nos r\u00e9alisations effectu\u00e9es par l&rsquo;\u00e9quipe de TMFCT Ouvrages Hydrauliques-PANAVAN.<\/span><\/strong><\/h3>\n<p style=\"text-align: center;\"><span style=\"color: #000000;\">(Moulin, barrage, \u00e9cluse, turbine, passerelle..)<\/span><\/p>\n<p>[\/et_pb_text][\/et_pb_column][\/et_pb_row][et_pb_row column_structure=\u00a0\u00bb1_2,1_2&Prime; custom_padding_last_edited=\u00a0\u00bbon|phone\u00a0\u00bb _builder_version=\u00a0\u00bb4.16&Prime; _module_preset=\u00a0\u00bbdefault\u00a0\u00bb custom_padding_tablet=\u00a0\u00bb\u00a0\u00bb custom_padding_phone=\u00a0\u00bb|10px||10px|false|false\u00a0\u00bb global_colors_info=\u00a0\u00bb{}\u00a0\u00bb][et_pb_column type=\u00a0\u00bb1_2&Prime; _builder_version=\u00a0\u00bb4.16&Prime; _module_preset=\u00a0\u00bbdefault\u00a0\u00bb global_colors_info=\u00a0\u00bb{}\u00a0\u00bb][et_pb_slider arrows_custom_color=\u00a0\u00bb#7a7e82&Prime; dot_nav_custom_color=\u00a0\u00bb#7a7e82&Prime; _builder_version=\u00a0\u00bb4.27.5&Prime; _module_preset=\u00a0\u00bbdefault\u00a0\u00bb header_font=\u00a0\u00bb||||||||\u00a0\u00bb header_text_color=\u00a0\u00bb#FFFFFF\u00a0\u00bb background_color=\u00a0\u00bb#b3ce7b\u00a0\u00bb custom_margin=\u00a0\u00bb-2px||||false|false\u00a0\u00bb custom_margin_tablet=\u00a0\u00bb150px||||false|false\u00a0\u00bb custom_margin_phone=\u00a0\u00bb50px||||false|false\u00a0\u00bb custom_margin_last_edited=\u00a0\u00bbon|phone\u00a0\u00bb animation_style=\u00a0\u00bbfade\u00a0\u00bb hover_enabled=\u00a0\u00bb0&Prime; border_radii=\u00a0\u00bbon|10px|10px|10px|10px\u00a0\u00bb box_shadow_style=\u00a0\u00bbpreset1&Prime; global_colors_info=\u00a0\u00bb{}\u00a0\u00bb sticky_enabled=\u00a0\u00bb0&Prime;][et_pb_slide heading=\u00a0\u00bbSite priv\u00e9-Aunay sous Crecy (28)\u00a0\u00bb use_text_overlay=\u00a0\u00bboff\u00a0\u00bb _builder_version=\u00a0\u00bb4.27.5&Prime; _module_preset=\u00a0\u00bbdefault\u00a0\u00bb header_font=\u00a0\u00bb|600|||||||\u00a0\u00bb header_text_color=\u00a0\u00bb#7a7e82&Prime; body_text_color=\u00a0\u00bb#7a7e82&Prime; text_orientation=\u00a0\u00bbcenter\u00a0\u00bb background_layout=\u00a0\u00bblight\u00a0\u00bb hover_enabled=\u00a0\u00bb0&Prime; global_colors_info=\u00a0\u00bb{}\u00a0\u00bb sticky_transition=\u00a0\u00bbon\u00a0\u00bb sticky_enabled=\u00a0\u00bb0&Prime;]<\/p>\n<p><img loading=\"lazy\" decoding=\"async\" src=\"https:\/\/panavan.fr\/wp-content\/uploads\/2026\/01\/sebv-avant-248x300.jpg\" width=\"248\" height=\"300\" alt=\"\" class=\"wp-image-1735 alignnone size-medium\" srcset=\"https:\/\/panavan.fr\/wp-content\/uploads\/2026\/01\/sebv-avant-248x300.jpg 248w, https:\/\/panavan.fr\/wp-content\/uploads\/2026\/01\/sebv-avant-10x12.jpg 10w, https:\/\/panavan.fr\/wp-content\/uploads\/2026\/01\/sebv-avant.jpg 380w\" sizes=\"(max-width: 248px) 100vw, 248px\" \/><\/p>\n<p><strong>AVANT<\/strong><\/p>\n<p>Etude pour conception, Fabrication et installation sur dalot d&rsquo;une vanne pour r\u00e9serve incendie<\/p>\n<p>&nbsp;<\/p>\n<p>[\/et_pb_slide][et_pb_slide heading=\u00a0\u00bbSite priv\u00e9-Aunay sous Crecy (28) Dec 25&Prime; use_text_overlay=\u00a0\u00bboff\u00a0\u00bb _builder_version=\u00a0\u00bb4.27.5&Prime; _module_preset=\u00a0\u00bbdefault\u00a0\u00bb header_font=\u00a0\u00bb|600|||||||\u00a0\u00bb header_text_color=\u00a0\u00bb#7a7e82&Prime; body_text_color=\u00a0\u00bb#7a7e82&Prime; text_orientation=\u00a0\u00bbcenter\u00a0\u00bb background_layout=\u00a0\u00bblight\u00a0\u00bb hover_enabled=\u00a0\u00bb0&Prime; global_colors_info=\u00a0\u00bb{}\u00a0\u00bb sticky_transition=\u00a0\u00bbon\u00a0\u00bb sticky_enabled=\u00a0\u00bb0&Prime;]<\/p>\n<p><img loading=\"lazy\" decoding=\"async\" src=\"https:\/\/panavan.fr\/wp-content\/uploads\/2026\/01\/sebv6-260x300.jpg\" width=\"260\" height=\"300\" alt=\"\" class=\"wp-image-1710 alignnone size-medium\" srcset=\"https:\/\/panavan.fr\/wp-content\/uploads\/2026\/01\/sebv6-260x300.jpg 260w, https:\/\/panavan.fr\/wp-content\/uploads\/2026\/01\/sebv6-886x1024.jpg 886w, https:\/\/panavan.fr\/wp-content\/uploads\/2026\/01\/sebv6-768x887.jpg 768w, https:\/\/panavan.fr\/wp-content\/uploads\/2026\/01\/sebv6-10x12.jpg 10w, https:\/\/panavan.fr\/wp-content\/uploads\/2026\/01\/sebv6.jpg 920w\" sizes=\"(max-width: 260px) 100vw, 260px\" \/><\/p>\n<p><strong>APRES<\/strong><\/p>\n<p><u>Objet des Travaux <\/u>:Etudes et Conception sur mesure, Fab et Installation<\/p>\n<p>&nbsp;<\/p>\n<p>[\/et_pb_slide][\/et_pb_slider][et_pb_slider arrows_custom_color=\u00a0\u00bb#7a7e82&Prime; dot_nav_custom_color=\u00a0\u00bb#7a7e82&Prime; _builder_version=\u00a0\u00bb4.27.5&Prime; _module_preset=\u00a0\u00bbdefault\u00a0\u00bb header_font=\u00a0\u00bb||||||||\u00a0\u00bb header_text_color=\u00a0\u00bb#FFFFFF\u00a0\u00bb background_color=\u00a0\u00bb#b3ce7b\u00a0\u00bb custom_margin=\u00a0\u00bb-2px||||false|false\u00a0\u00bb custom_margin_tablet=\u00a0\u00bb150px||||false|false\u00a0\u00bb custom_margin_phone=\u00a0\u00bb50px||||false|false\u00a0\u00bb custom_margin_last_edited=\u00a0\u00bbon|phone\u00a0\u00bb animation_style=\u00a0\u00bbfade\u00a0\u00bb hover_enabled=\u00a0\u00bb0&Prime; border_radii=\u00a0\u00bbon|10px|10px|10px|10px\u00a0\u00bb box_shadow_style=\u00a0\u00bbpreset1&Prime; global_colors_info=\u00a0\u00bb{}\u00a0\u00bb sticky_enabled=\u00a0\u00bb0&Prime;][et_pb_slide heading=\u00a0\u00bbCommune de Crecy-la Chapelle 77-Oct 2025&Prime; use_text_overlay=\u00a0\u00bboff\u00a0\u00bb _builder_version=\u00a0\u00bb4.27.5&Prime; _module_preset=\u00a0\u00bbdefault\u00a0\u00bb header_font=\u00a0\u00bb|600|||||||\u00a0\u00bb header_text_color=\u00a0\u00bb#7a7e82&Prime; body_text_color=\u00a0\u00bb#7a7e82&Prime; text_orientation=\u00a0\u00bbcenter\u00a0\u00bb background_layout=\u00a0\u00bblight\u00a0\u00bb hover_enabled=\u00a0\u00bb0&Prime; global_colors_info=\u00a0\u00bb{}\u00a0\u00bb sticky_transition=\u00a0\u00bbon\u00a0\u00bb sticky_enabled=\u00a0\u00bb0&Prime;]<\/p>\n<p><img loading=\"lazy\" decoding=\"async\" src=\"https:\/\/panavan.fr\/wp-content\/uploads\/2026\/01\/crecy-grille-avant-225x300.jpg\" width=\"225\" height=\"300\" alt=\"\" class=\"wp-image-1698 alignnone size-medium\" srcset=\"https:\/\/panavan.fr\/wp-content\/uploads\/2026\/01\/crecy-grille-avant-225x300.jpg 225w, https:\/\/panavan.fr\/wp-content\/uploads\/2026\/01\/crecy-grille-avant-768x1024.jpg 768w, https:\/\/panavan.fr\/wp-content\/uploads\/2026\/01\/crecy-grille-avant-1152x1536.jpg 1152w, https:\/\/panavan.fr\/wp-content\/uploads\/2026\/01\/crecy-grille-avant-9x12.jpg 9w, https:\/\/panavan.fr\/wp-content\/uploads\/2026\/01\/crecy-grille-avant-1080x1440.jpg 1080w, https:\/\/panavan.fr\/wp-content\/uploads\/2026\/01\/crecy-grille-avant.jpg 1536w\" sizes=\"(max-width: 225px) 100vw, 225px\" \/><\/p>\n<p><strong>AVANT<\/strong><\/p>\n<p>Grille pare-emb\u00e2cle vieillissante devant roue \u00e0 eau-A remplacer\u00a0<\/p>\n<p>&nbsp;<\/p>\n<p>[\/et_pb_slide][et_pb_slide heading=\u00a0\u00bbCommune de Crecy-la Chapelle (77)-Oct 2025&Prime; use_text_overlay=\u00a0\u00bboff\u00a0\u00bb _builder_version=\u00a0\u00bb4.27.5&Prime; _module_preset=\u00a0\u00bbdefault\u00a0\u00bb header_font=\u00a0\u00bb|600|||||||\u00a0\u00bb header_text_color=\u00a0\u00bb#7a7e82&Prime; body_text_color=\u00a0\u00bb#7a7e82&Prime; text_orientation=\u00a0\u00bbcenter\u00a0\u00bb background_layout=\u00a0\u00bblight\u00a0\u00bb hover_enabled=\u00a0\u00bb0&Prime; global_colors_info=\u00a0\u00bb{}\u00a0\u00bb sticky_transition=\u00a0\u00bbon\u00a0\u00bb sticky_enabled=\u00a0\u00bb0&Prime;]<\/p>\n<p><img loading=\"lazy\" decoding=\"async\" src=\"https:\/\/panavan.fr\/wp-content\/uploads\/2026\/01\/crecy-grille-apres-225x300.jpg\" width=\"225\" height=\"300\" alt=\"\" class=\"wp-image-1699 alignnone size-medium\" srcset=\"https:\/\/panavan.fr\/wp-content\/uploads\/2026\/01\/crecy-grille-apres-225x300.jpg 225w, https:\/\/panavan.fr\/wp-content\/uploads\/2026\/01\/crecy-grille-apres-767x1024.jpg 767w, https:\/\/panavan.fr\/wp-content\/uploads\/2026\/01\/crecy-grille-apres-768x1025.jpg 768w, https:\/\/panavan.fr\/wp-content\/uploads\/2026\/01\/crecy-grille-apres-9x12.jpg 9w, https:\/\/panavan.fr\/wp-content\/uploads\/2026\/01\/crecy-grille-apres.jpg 1077w\" sizes=\"(max-width: 225px) 100vw, 225px\" \/><\/p>\n<p><strong>APRES<\/strong><\/p>\n<p><u>Objet des Travaux <\/u>:Etudes et Conception sur mesure pour remplacement de la grille, Fabrication et Installation\u00a0<\/p>\n<p>&nbsp;<\/p>\n<p>[\/et_pb_slide][\/et_pb_slider][et_pb_slider arrows_custom_color=\u00a0\u00bb#7a7e82&Prime; dot_nav_custom_color=\u00a0\u00bb#7a7e82&Prime; _builder_version=\u00a0\u00bb4.27.5&Prime; _module_preset=\u00a0\u00bbdefault\u00a0\u00bb header_font=\u00a0\u00bb||||||||\u00a0\u00bb header_text_color=\u00a0\u00bb#FFFFFF\u00a0\u00bb background_color=\u00a0\u00bb#b3ce7b\u00a0\u00bb custom_margin=\u00a0\u00bb-2px||||false|false\u00a0\u00bb custom_margin_tablet=\u00a0\u00bb150px||||false|false\u00a0\u00bb custom_margin_phone=\u00a0\u00bb50px||||false|false\u00a0\u00bb custom_margin_last_edited=\u00a0\u00bbon|phone\u00a0\u00bb animation_style=\u00a0\u00bbfade\u00a0\u00bb hover_enabled=\u00a0\u00bb0&Prime; border_radii=\u00a0\u00bbon|10px|10px|10px|10px\u00a0\u00bb box_shadow_style=\u00a0\u00bbpreset1&Prime; global_colors_info=\u00a0\u00bb{}\u00a0\u00bb sticky_enabled=\u00a0\u00bb0&Prime;][et_pb_slide heading=\u00a0\u00bbSite priv\u00e9 (Chateaudun-28) Oct &#038; Nov 2025&Prime; use_text_overlay=\u00a0\u00bboff\u00a0\u00bb _builder_version=\u00a0\u00bb4.27.5&Prime; _module_preset=\u00a0\u00bbdefault\u00a0\u00bb header_font=\u00a0\u00bb|600|||||||\u00a0\u00bb header_text_color=\u00a0\u00bb#7a7e82&Prime; body_text_color=\u00a0\u00bb#7a7e82&Prime; text_orientation=\u00a0\u00bbcenter\u00a0\u00bb background_layout=\u00a0\u00bblight\u00a0\u00bb hover_enabled=\u00a0\u00bb0&Prime; global_colors_info=\u00a0\u00bb{}\u00a0\u00bb sticky_transition=\u00a0\u00bbon\u00a0\u00bb sticky_enabled=\u00a0\u00bb0&Prime;]<\/p>\n<p><img loading=\"lazy\" decoding=\"async\" src=\"https:\/\/panavan.fr\/wp-content\/uploads\/2026\/01\/st-avit-avant-300x225.jpg\" width=\"300\" height=\"225\" alt=\"\" class=\"wp-image-1723 alignnone size-medium\" srcset=\"https:\/\/panavan.fr\/wp-content\/uploads\/2026\/01\/st-avit-avant-300x225.jpg 300w, https:\/\/panavan.fr\/wp-content\/uploads\/2026\/01\/st-avit-avant-1024x768.jpg 1024w, https:\/\/panavan.fr\/wp-content\/uploads\/2026\/01\/st-avit-avant-768x576.jpg 768w, https:\/\/panavan.fr\/wp-content\/uploads\/2026\/01\/st-avit-avant-1536x1152.jpg 1536w, https:\/\/panavan.fr\/wp-content\/uploads\/2026\/01\/st-avit-avant-2048x1536.jpg 2048w, https:\/\/panavan.fr\/wp-content\/uploads\/2026\/01\/st-avit-avant-16x12.jpg 16w, https:\/\/panavan.fr\/wp-content\/uploads\/2026\/01\/st-avit-avant-510x382.jpg 510w, https:\/\/panavan.fr\/wp-content\/uploads\/2026\/01\/st-avit-avant-1080x810.jpg 1080w\" sizes=\"(max-width: 300px) 100vw, 300px\" \/><\/p>\n<p><strong>AVANT<\/strong><\/p>\n<p>Vannage vieillissant : structure porteuse et vannes en bois non fiables, crics non fonctionnels<\/p>\n<p>&nbsp;<\/p>\n<p>[\/et_pb_slide][et_pb_slide heading=\u00a0\u00bbSite priv\u00e9-Moulin du 28 Chateaudun-Oct &#038; Nov 2025&Prime; use_text_overlay=\u00a0\u00bboff\u00a0\u00bb _builder_version=\u00a0\u00bb4.27.5&Prime; _module_preset=\u00a0\u00bbdefault\u00a0\u00bb header_font=\u00a0\u00bb|600|||||||\u00a0\u00bb header_text_color=\u00a0\u00bb#7a7e82&Prime; body_text_color=\u00a0\u00bb#7a7e82&Prime; text_orientation=\u00a0\u00bbcenter\u00a0\u00bb background_layout=\u00a0\u00bblight\u00a0\u00bb hover_enabled=\u00a0\u00bb0&Prime; global_colors_info=\u00a0\u00bb{}\u00a0\u00bb sticky_transition=\u00a0\u00bbon\u00a0\u00bb sticky_enabled=\u00a0\u00bb0&Prime;]<\/p>\n<p><img loading=\"lazy\" decoding=\"async\" src=\"https:\/\/panavan.fr\/wp-content\/uploads\/2026\/01\/St-avit-apres-1-300x225.jpg\" width=\"300\" height=\"225\" alt=\"\" class=\"wp-image-1709 alignnone size-medium\" srcset=\"https:\/\/panavan.fr\/wp-content\/uploads\/2026\/01\/St-avit-apres-1-300x225.jpg 300w, https:\/\/panavan.fr\/wp-content\/uploads\/2026\/01\/St-avit-apres-1-1024x768.jpg 1024w, https:\/\/panavan.fr\/wp-content\/uploads\/2026\/01\/St-avit-apres-1-768x576.jpg 768w, https:\/\/panavan.fr\/wp-content\/uploads\/2026\/01\/St-avit-apres-1-16x12.jpg 16w, https:\/\/panavan.fr\/wp-content\/uploads\/2026\/01\/St-avit-apres-1-510x382.jpg 510w, https:\/\/panavan.fr\/wp-content\/uploads\/2026\/01\/St-avit-apres-1-1080x810.jpg 1080w, https:\/\/panavan.fr\/wp-content\/uploads\/2026\/01\/St-avit-apres-1.jpg 1500w\" sizes=\"(max-width: 300px) 100vw, 300px\" \/><\/p>\n<p><strong>APRES<\/strong><\/p>\n<p><u>Objet des Travaux <\/u>:Conception, Fabrication et Installation du nouveau vannage avec coordination g\u00e9nie civil-Peinture sp\u00e9cifique couleur Corten-Nouveaux crics<\/p>\n<p>&nbsp;<\/p>\n<p>[\/et_pb_slide][\/et_pb_slider][et_pb_slider arrows_custom_color=\u00a0\u00bb#7a7e82&Prime; dot_nav_custom_color=\u00a0\u00bb#7a7e82&Prime; _builder_version=\u00a0\u00bb4.27.4&Prime; _module_preset=\u00a0\u00bbdefault\u00a0\u00bb header_font=\u00a0\u00bb||||||||\u00a0\u00bb header_text_color=\u00a0\u00bb#FFFFFF\u00a0\u00bb background_color=\u00a0\u00bb#b3ce7b\u00a0\u00bb custom_margin=\u00a0\u00bb-2px||||false|false\u00a0\u00bb custom_margin_tablet=\u00a0\u00bb150px||||false|false\u00a0\u00bb custom_margin_phone=\u00a0\u00bb50px||||false|false\u00a0\u00bb custom_margin_last_edited=\u00a0\u00bbon|phone\u00a0\u00bb animation_style=\u00a0\u00bbfade\u00a0\u00bb border_radii=\u00a0\u00bbon|10px|10px|10px|10px\u00a0\u00bb box_shadow_style=\u00a0\u00bbpreset1&Prime; global_colors_info=\u00a0\u00bb{}\u00a0\u00bb][et_pb_slide heading=\u00a0\u00bbVille de Beaune-Dec 2024&Prime; use_text_overlay=\u00a0\u00bboff\u00a0\u00bb _builder_version=\u00a0\u00bb4.27.4&Prime; _module_preset=\u00a0\u00bbdefault\u00a0\u00bb header_font=\u00a0\u00bb|600|||||||\u00a0\u00bb header_text_color=\u00a0\u00bb#7a7e82&Prime; body_text_color=\u00a0\u00bb#7a7e82&Prime; text_orientation=\u00a0\u00bbcenter\u00a0\u00bb background_layout=\u00a0\u00bblight\u00a0\u00bb global_colors_info=\u00a0\u00bb{}\u00a0\u00bb sticky_transition=\u00a0\u00bbon\u00a0\u00bb]<\/p>\n<p><img loading=\"lazy\" decoding=\"async\" src=\"https:\/\/panavan.fr\/wp-content\/uploads\/2024\/12\/beaune-avant-300x235.jpg\" width=\"300\" height=\"235\" alt=\"\" class=\"wp-image-1617 alignnone size-medium\" srcset=\"https:\/\/panavan.fr\/wp-content\/uploads\/2024\/12\/beaune-avant-300x235.jpg 300w, https:\/\/panavan.fr\/wp-content\/uploads\/2024\/12\/beaune-avant.jpg 744w\" sizes=\"(max-width: 300px) 100vw, 300px\" \/><\/p>\n<p><strong>AVANT<\/strong><\/p>\n<p>2 vannages en souterrains permettant de r\u00e9partir les d\u00e9bits entre diff\u00e9rents axes-Acc\u00e8s dangereux et compliqu\u00e9 pour les services techniques de la ville<\/p>\n<p>&nbsp;<\/p>\n<p>[\/et_pb_slide][et_pb_slide heading=\u00a0\u00bbVille de Beaune-Dec 2024&Prime; use_text_overlay=\u00a0\u00bboff\u00a0\u00bb _builder_version=\u00a0\u00bb4.27.4&Prime; _module_preset=\u00a0\u00bbdefault\u00a0\u00bb header_font=\u00a0\u00bb|600|||||||\u00a0\u00bb header_text_color=\u00a0\u00bb#7a7e82&Prime; body_text_color=\u00a0\u00bb#7a7e82&Prime; text_orientation=\u00a0\u00bbcenter\u00a0\u00bb background_layout=\u00a0\u00bblight\u00a0\u00bb global_colors_info=\u00a0\u00bb{}\u00a0\u00bb sticky_transition=\u00a0\u00bbon\u00a0\u00bb]<\/p>\n<p><img loading=\"lazy\" decoding=\"async\" src=\"https:\/\/panavan.fr\/wp-content\/uploads\/2024\/12\/Beaune-300x225.jpg\" width=\"300\" height=\"225\" alt=\"\" class=\"wp-image-1607 alignnone size-medium\" srcset=\"https:\/\/panavan.fr\/wp-content\/uploads\/2024\/12\/Beaune-300x225.jpg 300w, https:\/\/panavan.fr\/wp-content\/uploads\/2024\/12\/Beaune-1024x768.jpg 1024w, https:\/\/panavan.fr\/wp-content\/uploads\/2024\/12\/Beaune-768x576.jpg 768w, https:\/\/panavan.fr\/wp-content\/uploads\/2024\/12\/Beaune-1536x1152.jpg 1536w, https:\/\/panavan.fr\/wp-content\/uploads\/2024\/12\/Beaune-2048x1536.jpg 2048w, https:\/\/panavan.fr\/wp-content\/uploads\/2024\/12\/Beaune-510x382.jpg 510w, https:\/\/panavan.fr\/wp-content\/uploads\/2024\/12\/Beaune-1080x810.jpg 1080w\" sizes=\"(max-width: 300px) 100vw, 300px\" \/><\/p>\n<p><strong>APRES<\/strong><\/p>\n<p><u>Objet des Travaux <\/u>:Conception, Fabrication et Installation de 2 nouveaux vannages \u00e9quip\u00e9s de vannes PANAVAN pour r\u00e9gulation en automatique dans les souterrains<\/p>\n<p>&nbsp;<\/p>\n<p>[\/et_pb_slide][\/et_pb_slider][et_pb_slider arrows_custom_color=\u00a0\u00bb#7a7e82&Prime; dot_nav_custom_color=\u00a0\u00bb#7a7e82&Prime; _builder_version=\u00a0\u00bb4.27.4&Prime; _module_preset=\u00a0\u00bbdefault\u00a0\u00bb header_font=\u00a0\u00bb||||||||\u00a0\u00bb header_text_color=\u00a0\u00bb#FFFFFF\u00a0\u00bb background_color=\u00a0\u00bb#b3ce7b\u00a0\u00bb custom_margin=\u00a0\u00bb-2px||||false|false\u00a0\u00bb custom_margin_tablet=\u00a0\u00bb150px||||false|false\u00a0\u00bb custom_margin_phone=\u00a0\u00bb50px||||false|false\u00a0\u00bb custom_margin_last_edited=\u00a0\u00bbon|phone\u00a0\u00bb animation_style=\u00a0\u00bbfade\u00a0\u00bb border_radii=\u00a0\u00bbon|10px|10px|10px|10px\u00a0\u00bb box_shadow_style=\u00a0\u00bbpreset1&Prime; global_colors_info=\u00a0\u00bb{}\u00a0\u00bb][et_pb_slide heading=\u00a0\u00bbCommune d&rsquo;Anglure (51)-Nov 2024&Prime; use_text_overlay=\u00a0\u00bboff\u00a0\u00bb _builder_version=\u00a0\u00bb4.27.4&Prime; _module_preset=\u00a0\u00bbdefault\u00a0\u00bb header_font=\u00a0\u00bb|600|||||||\u00a0\u00bb header_text_color=\u00a0\u00bb#7a7e82&Prime; body_text_color=\u00a0\u00bb#7a7e82&Prime; text_orientation=\u00a0\u00bbcenter\u00a0\u00bb background_layout=\u00a0\u00bblight\u00a0\u00bb global_colors_info=\u00a0\u00bb{}\u00a0\u00bb sticky_transition=\u00a0\u00bbon\u00a0\u00bb]<\/p>\n<p><img loading=\"lazy\" decoding=\"async\" src=\"https:\/\/panavan.fr\/wp-content\/uploads\/2024\/12\/anglure-avant-300x225.jpg\" width=\"300\" height=\"225\" alt=\"\" class=\"wp-image-1615 alignnone size-medium\" srcset=\"https:\/\/panavan.fr\/wp-content\/uploads\/2024\/12\/anglure-avant-300x225.jpg 300w, https:\/\/panavan.fr\/wp-content\/uploads\/2024\/12\/anglure-avant-510x382.jpg 510w, https:\/\/panavan.fr\/wp-content\/uploads\/2024\/12\/anglure-avant.jpg 662w\" sizes=\"(max-width: 300px) 100vw, 300px\" \/><\/p>\n<p><strong>AVANT<\/strong><\/p>\n<p><u>Objet des Travaux <\/u>:Vannage du Bourg compos\u00e9 de 2 grandes vannes motoris\u00e9es. Le moteur de l&rsquo;une d&rsquo;elles ne fonctionnent plus<\/p>\n<p>&nbsp;<\/p>\n<p>[\/et_pb_slide][et_pb_slide heading=\u00a0\u00bbCommune d&rsquo;Anglure (51)-Nov 2024&Prime; use_text_overlay=\u00a0\u00bboff\u00a0\u00bb _builder_version=\u00a0\u00bb4.27.4&Prime; _module_preset=\u00a0\u00bbdefault\u00a0\u00bb header_font=\u00a0\u00bb|600|||||||\u00a0\u00bb header_text_color=\u00a0\u00bb#7a7e82&Prime; body_text_color=\u00a0\u00bb#7a7e82&Prime; text_orientation=\u00a0\u00bbcenter\u00a0\u00bb background_layout=\u00a0\u00bblight\u00a0\u00bb global_colors_info=\u00a0\u00bb{}\u00a0\u00bb sticky_transition=\u00a0\u00bbon\u00a0\u00bb]<\/p>\n<p><img loading=\"lazy\" decoding=\"async\" src=\"https:\/\/panavan.fr\/wp-content\/uploads\/2024\/12\/anglure-300x225.jpg\" width=\"300\" height=\"225\" alt=\"\" class=\"wp-image-1595 alignnone size-medium\" srcset=\"https:\/\/panavan.fr\/wp-content\/uploads\/2024\/12\/anglure-300x225.jpg 300w, https:\/\/panavan.fr\/wp-content\/uploads\/2024\/12\/anglure-1024x768.jpg 1024w, https:\/\/panavan.fr\/wp-content\/uploads\/2024\/12\/anglure-768x576.jpg 768w, https:\/\/panavan.fr\/wp-content\/uploads\/2024\/12\/anglure-1536x1152.jpg 1536w, https:\/\/panavan.fr\/wp-content\/uploads\/2024\/12\/anglure-2048x1536.jpg 2048w, https:\/\/panavan.fr\/wp-content\/uploads\/2024\/12\/anglure-510x382.jpg 510w, https:\/\/panavan.fr\/wp-content\/uploads\/2024\/12\/anglure-1080x810.jpg 1080w\" sizes=\"(max-width: 300px) 100vw, 300px\" \/><\/p>\n<p><strong>APRES<\/strong><\/p>\n<p><u>Objet des Travaux <\/u>:Cric motoris\u00e9 chang\u00e9, adaptation ancienne vanne et passage des c\u00e2bles pour raccordement au tableau \u00e9lectrique<\/p>\n<p>&nbsp;<\/p>\n<p>[\/et_pb_slide][\/et_pb_slider][et_pb_slider arrows_custom_color=\u00a0\u00bb#7a7e82&Prime; dot_nav_custom_color=\u00a0\u00bb#7a7e82&Prime; _builder_version=\u00a0\u00bb4.27.0&Prime; _module_preset=\u00a0\u00bbdefault\u00a0\u00bb header_font=\u00a0\u00bb||||||||\u00a0\u00bb header_text_color=\u00a0\u00bb#FFFFFF\u00a0\u00bb background_color=\u00a0\u00bb#b3ce7b\u00a0\u00bb custom_margin=\u00a0\u00bb-2px||||false|false\u00a0\u00bb custom_margin_tablet=\u00a0\u00bb150px||||false|false\u00a0\u00bb custom_margin_phone=\u00a0\u00bb50px||||false|false\u00a0\u00bb custom_margin_last_edited=\u00a0\u00bbon|phone\u00a0\u00bb animation_style=\u00a0\u00bbfade\u00a0\u00bb border_radii=\u00a0\u00bbon|10px|10px|10px|10px\u00a0\u00bb box_shadow_style=\u00a0\u00bbpreset1&Prime; global_colors_info=\u00a0\u00bb{}\u00a0\u00bb][et_pb_slide heading=\u00a0\u00bbCommune de Tuffe-Juillet 2024&Prime; use_text_overlay=\u00a0\u00bboff\u00a0\u00bb _builder_version=\u00a0\u00bb4.27.0&Prime; _module_preset=\u00a0\u00bbdefault\u00a0\u00bb header_font=\u00a0\u00bb|600|||||||\u00a0\u00bb header_text_color=\u00a0\u00bb#7a7e82&Prime; body_text_color=\u00a0\u00bb#7a7e82&Prime; text_orientation=\u00a0\u00bbcenter\u00a0\u00bb background_layout=\u00a0\u00bblight\u00a0\u00bb global_colors_info=\u00a0\u00bb{}\u00a0\u00bb sticky_transition=\u00a0\u00bbon\u00a0\u00bb]<\/p>\n<p><img loading=\"lazy\" decoding=\"async\" src=\"https:\/\/panavan.fr\/wp-content\/uploads\/2024\/10\/photo1-225x300.jpg\" width=\"225\" height=\"300\" alt=\"\" class=\"wp-image-1560 alignnone size-medium\" srcset=\"https:\/\/panavan.fr\/wp-content\/uploads\/2024\/10\/photo1-225x300.jpg 225w, https:\/\/panavan.fr\/wp-content\/uploads\/2024\/10\/photo1.jpg 719w\" sizes=\"(max-width: 225px) 100vw, 225px\" \/><\/p>\n<p><strong>AVANT<\/strong><\/p>\n<p><u>Objet des Travaux <\/u>:R\u00e9nover le vannage du lavoir quasi disparu afin de redonner vie au lavoir et s\u00e9curistaion du site (nouvelle passerelle)<\/p>\n<p><u>Site<\/u> : Centre bourg de Tuff\u00e9 (72)<\/p>\n<p><u>Niveau d\u2019eau \u00e0 maintenir <\/u>:550 mm<\/p>\n<p><u>Probl\u00e9matique<\/u> : R\u00e9guler un niveau amont constant pour mise en eau du lavoir et r\u00e9guler en automatique les mont\u00e9es des eaux en plein Centre bourg.<\/p>\n<p>&nbsp;<\/p>\n<p>[\/et_pb_slide][et_pb_slide heading=\u00a0\u00bbR\u00e9novation du vannage du Lavoir Tuff\u00e9 (72160)\u00a0\u00bb use_text_overlay=\u00a0\u00bboff\u00a0\u00bb _builder_version=\u00a0\u00bb4.27.0&Prime; _module_preset=\u00a0\u00bbdefault\u00a0\u00bb header_font=\u00a0\u00bb|600|||||||\u00a0\u00bb header_text_color=\u00a0\u00bb#7a7e82&Prime; body_text_color=\u00a0\u00bb#7a7e82&Prime; text_orientation=\u00a0\u00bbcenter\u00a0\u00bb background_layout=\u00a0\u00bblight\u00a0\u00bb global_colors_info=\u00a0\u00bb{}\u00a0\u00bb sticky_transition=\u00a0\u00bbon\u00a0\u00bb]<\/p>\n<p><img loading=\"lazy\" decoding=\"async\" src=\"https:\/\/panavan.fr\/wp-content\/uploads\/2024\/10\/vannage-vue-amont1-300x225.jpg\" width=\"300\" height=\"225\" alt=\"\" class=\"wp-image-1561 alignnone size-medium\" srcset=\"https:\/\/panavan.fr\/wp-content\/uploads\/2024\/10\/vannage-vue-amont1-300x225.jpg 300w, https:\/\/panavan.fr\/wp-content\/uploads\/2024\/10\/vannage-vue-amont1-1024x768.jpg 1024w, https:\/\/panavan.fr\/wp-content\/uploads\/2024\/10\/vannage-vue-amont1-768x576.jpg 768w, https:\/\/panavan.fr\/wp-content\/uploads\/2024\/10\/vannage-vue-amont1-1536x1152.jpg 1536w, https:\/\/panavan.fr\/wp-content\/uploads\/2024\/10\/vannage-vue-amont1-510x382.jpg 510w, https:\/\/panavan.fr\/wp-content\/uploads\/2024\/10\/vannage-vue-amont1-1080x810.jpg 1080w, https:\/\/panavan.fr\/wp-content\/uploads\/2024\/10\/vannage-vue-amont1.jpg 2000w\" sizes=\"(max-width: 300px) 100vw, 300px\" \/><\/p>\n<p><strong>APRES<\/strong><\/p>\n<p><u>Objet des Travaux <\/u>:R\u00e9novation compl\u00e8te : 2 vannes Panavan, structure porteuse, passerelle<\/p>\n<p>&nbsp;<\/p>\n<p>[\/et_pb_slide][\/et_pb_slider][et_pb_slider arrows_custom_color=\u00a0\u00bb#FFFFFF\u00a0\u00bb dot_nav_custom_color=\u00a0\u00bb#FFFFFF\u00a0\u00bb _builder_version=\u00a0\u00bb4.16&Prime; _module_preset=\u00a0\u00bbdefault\u00a0\u00bb background_color=\u00a0\u00bbrgba(72,78,84,0.73)\u00a0\u00bb custom_margin=\u00a0\u00bb0px||||false|false\u00a0\u00bb animation_style=\u00a0\u00bbfade\u00a0\u00bb border_radii=\u00a0\u00bbon|10px|10px|10px|10px\u00a0\u00bb box_shadow_style=\u00a0\u00bbpreset1&Prime; global_colors_info=\u00a0\u00bb{}\u00a0\u00bb][et_pb_slide heading=\u00a0\u00bbCommune de Rugles (27) &#8211; Octobre 2021&Prime; use_text_overlay=\u00a0\u00bboff\u00a0\u00bb _builder_version=\u00a0\u00bb4.16&Prime; _module_preset=\u00a0\u00bbdefault\u00a0\u00bb text_orientation=\u00a0\u00bbcenter\u00a0\u00bb global_colors_info=\u00a0\u00bb{}\u00a0\u00bb sticky_transition=\u00a0\u00bbon\u00a0\u00bb]<\/p>\n<p><img loading=\"lazy\" decoding=\"async\" src=\"https:\/\/panavan.fr\/wp-content\/uploads\/2022\/04\/rugles-1-300x223.jpg\" width=\"300\" height=\"223\" alt=\"\" class=\"wp-image-1307 alignnone size-medium\" srcset=\"https:\/\/panavan.fr\/wp-content\/uploads\/2022\/04\/rugles-1-300x223.jpg 300w, https:\/\/panavan.fr\/wp-content\/uploads\/2022\/04\/rugles-1.jpg 602w\" sizes=\"(max-width: 300px) 100vw, 300px\" \/><\/p>\n<p>AVANT<\/p>\n<p>Photo d\u2019un vannage quasi disparu.<\/p>\n<p>Remplacement par un nouveau vannage compos\u00e9 d\u2019une structure porteuse, 3 vannes fixes et 3 blocs crics &amp; cr\u00e9maill\u00e8res- Le vannage a vocation de prot\u00e9ger le centre ville d\u2019une mont\u00e9e des eaux soudaine lorsqu\u2019il y a saturation des cours d\u2019eau voisins. Le vannage bloque l\u2019entr\u00e9e du canal et envoie l\u2019eau dans les prairies avoisinantes.<\/p>\n<p>[\/et_pb_slide][et_pb_slide heading=\u00a0\u00bbCommune de Rugles (27) &#8211; Octobre 2021&Prime; use_text_overlay=\u00a0\u00bboff\u00a0\u00bb _builder_version=\u00a0\u00bb4.16&Prime; _module_preset=\u00a0\u00bbdefault\u00a0\u00bb text_orientation=\u00a0\u00bbcenter\u00a0\u00bb global_colors_info=\u00a0\u00bb{}\u00a0\u00bb sticky_transition=\u00a0\u00bbon\u00a0\u00bb]<\/p>\n<p><img loading=\"lazy\" decoding=\"async\" src=\"https:\/\/panavan.fr\/wp-content\/uploads\/2022\/04\/rugles-2-225x300.jpg\" width=\"225\" height=\"300\" alt=\"\" class=\"wp-image-1308 alignnone size-medium\" srcset=\"https:\/\/panavan.fr\/wp-content\/uploads\/2022\/04\/rugles-2-225x300.jpg 225w, https:\/\/panavan.fr\/wp-content\/uploads\/2022\/04\/rugles-2.jpg 681w\" sizes=\"(max-width: 225px) 100vw, 225px\" \/><\/p>\n<p>APRES<\/p>\n<p>Remplacement par un nouveau vannage compos\u00e9 d\u2019une structure porteuse, 3 vannes fixes et 3 blocs crics &amp; cr\u00e9maill\u00e8res- Le vannage a vocation de prot\u00e9ger le centre ville d\u2019une mont\u00e9e des eaux soudaine lorsqu\u2019il y a saturation des cours d\u2019eau voisins. Le vannage bloque l\u2019entr\u00e9e du canal et envoie l\u2019eau dans les prairies avoisinantes.<\/p>\n<p>[\/et_pb_slide][\/et_pb_slider][et_pb_slider arrows_custom_color=\u00a0\u00bb#7a7e82&Prime; dot_nav_custom_color=\u00a0\u00bb#7a7e82&Prime; _builder_version=\u00a0\u00bb4.16&Prime; _module_preset=\u00a0\u00bbdefault\u00a0\u00bb header_font=\u00a0\u00bb||||||||\u00a0\u00bb header_text_color=\u00a0\u00bb#FFFFFF\u00a0\u00bb background_color=\u00a0\u00bb#b3ce7b\u00a0\u00bb custom_margin=\u00a0\u00bb150px||||false|false\u00a0\u00bb custom_margin_tablet=\u00a0\u00bb150px||||false|false\u00a0\u00bb custom_margin_phone=\u00a0\u00bb50px||||false|false\u00a0\u00bb custom_margin_last_edited=\u00a0\u00bbon|phone\u00a0\u00bb animation_style=\u00a0\u00bbfade\u00a0\u00bb border_radii=\u00a0\u00bbon|10px|10px|10px|10px\u00a0\u00bb box_shadow_style=\u00a0\u00bbpreset1&Prime; global_colors_info=\u00a0\u00bb{}\u00a0\u00bb][et_pb_slide heading=\u00a0\u00bbCommune de Saint-Piat (28) &#8211; Juillet 2021&Prime; use_text_overlay=\u00a0\u00bboff\u00a0\u00bb _builder_version=\u00a0\u00bb4.16&Prime; _module_preset=\u00a0\u00bbdefault\u00a0\u00bb header_font=\u00a0\u00bb|600|||||||\u00a0\u00bb header_text_color=\u00a0\u00bb#7a7e82&Prime; body_text_color=\u00a0\u00bb#7a7e82&Prime; text_orientation=\u00a0\u00bbcenter\u00a0\u00bb background_layout=\u00a0\u00bblight\u00a0\u00bb global_colors_info=\u00a0\u00bb{}\u00a0\u00bb sticky_transition=\u00a0\u00bbon\u00a0\u00bb]<\/p>\n<p><img loading=\"lazy\" decoding=\"async\" src=\"https:\/\/panavan.fr\/wp-content\/uploads\/2022\/04\/sp-1-300x218.jpg\" width=\"300\" height=\"218\" alt=\"\" class=\"wp-image-1311 alignnone size-medium\" srcset=\"https:\/\/panavan.fr\/wp-content\/uploads\/2022\/04\/sp-1-300x218.jpg 300w, https:\/\/panavan.fr\/wp-content\/uploads\/2022\/04\/sp-1.jpg 673w\" sizes=\"(max-width: 300px) 100vw, 300px\" \/><\/p>\n<p><strong>AVANT<\/strong><\/p>\n<p>Ancien vannage compos\u00e9 d\u2019une grande vanne de L3m\/H1,3 et d\u2019une petite vanne. Vannes difficiles \u00e0 man\u0153uvrer-N\u00e9cessit\u00e9 de rentrer chez le propri\u00e9taire.<\/p>\n<p>[\/et_pb_slide][et_pb_slide heading=\u00a0\u00bbCommune de Saint-Piat (28) &#8211; Juillet 2021&Prime; use_text_overlay=\u00a0\u00bboff\u00a0\u00bb _builder_version=\u00a0\u00bb4.16&Prime; _module_preset=\u00a0\u00bbdefault\u00a0\u00bb header_font=\u00a0\u00bb|600|||||||\u00a0\u00bb header_text_color=\u00a0\u00bb#7a7e82&Prime; body_text_color=\u00a0\u00bb#7a7e82&Prime; text_orientation=\u00a0\u00bbcenter\u00a0\u00bb background_layout=\u00a0\u00bblight\u00a0\u00bb global_colors_info=\u00a0\u00bb{}\u00a0\u00bb sticky_transition=\u00a0\u00bbon\u00a0\u00bb]<\/p>\n<p><img loading=\"lazy\" decoding=\"async\" src=\"https:\/\/panavan.fr\/wp-content\/uploads\/2022\/04\/sp2-300x223.jpg\" width=\"300\" height=\"223\" alt=\"\" class=\"wp-image-1312 alignnone size-medium\" srcset=\"https:\/\/panavan.fr\/wp-content\/uploads\/2022\/04\/sp2-300x223.jpg 300w, https:\/\/panavan.fr\/wp-content\/uploads\/2022\/04\/sp2.jpg 662w\" sizes=\"(max-width: 300px) 100vw, 300px\" \/><\/p>\n<p><strong>APRES<\/strong><\/p>\n<p>Remplacement par une double vanne PANAVAN et une vanne simple PANAVAN r\u00e9gulant en autonomie. Remplacement des crics dont 1 cric motoris\u00e9 pour la double vanne.<\/p>\n<p>[\/et_pb_slide][\/et_pb_slider][et_pb_slider arrows_custom_color=\u00a0\u00bb#FFFFFF\u00a0\u00bb dot_nav_custom_color=\u00a0\u00bb#FFFFFF\u00a0\u00bb _builder_version=\u00a0\u00bb4.16&Prime; _module_preset=\u00a0\u00bbdefault\u00a0\u00bb background_color=\u00a0\u00bbrgba(72,78,84,0.73)\u00a0\u00bb custom_margin=\u00a0\u00bb150px||||false|false\u00a0\u00bb custom_margin_tablet=\u00a0\u00bb150px||||false|false\u00a0\u00bb custom_margin_phone=\u00a0\u00bb50px||||false|false\u00a0\u00bb custom_margin_last_edited=\u00a0\u00bbon|phone\u00a0\u00bb animation_style=\u00a0\u00bbfade\u00a0\u00bb border_radii=\u00a0\u00bbon|10px|10px|10px|10px\u00a0\u00bb box_shadow_style=\u00a0\u00bbpreset1&Prime; global_colors_info=\u00a0\u00bb{}\u00a0\u00bb][et_pb_slide heading=\u00a0\u00bbCommune de Monteaux (41) &#8211; Juin 2020&Prime; use_text_overlay=\u00a0\u00bboff\u00a0\u00bb _builder_version=\u00a0\u00bb4.16&Prime; _module_preset=\u00a0\u00bbdefault\u00a0\u00bb header_font=\u00a0\u00bb||||||||\u00a0\u00bb text_orientation=\u00a0\u00bbcenter\u00a0\u00bb global_colors_info=\u00a0\u00bb{}\u00a0\u00bb sticky_transition=\u00a0\u00bbon\u00a0\u00bb]<\/p>\n<p><img loading=\"lazy\" decoding=\"async\" src=\"https:\/\/panavan.fr\/wp-content\/uploads\/2022\/04\/monteaux-1-300x176.jpg\" width=\"300\" height=\"176\" alt=\"\" class=\"wp-image-1317 alignnone size-medium\" srcset=\"https:\/\/panavan.fr\/wp-content\/uploads\/2022\/04\/monteaux-1-300x176.jpg 300w, https:\/\/panavan.fr\/wp-content\/uploads\/2022\/04\/monteaux-1.jpg 724w\" sizes=\"(max-width: 300px) 100vw, 300px\" \/><\/p>\n<p><strong>AVANT<\/strong><\/p>\n<p>SYNDICAT DE LA CISSE<\/p>\n<p><u>Objet des Travaux <\/u>:Remplacement des 6\u00a0 anciennes vannes par des vannes automatiques + grilles + juin. Servomoteurs d\u00e9fectueux<\/p>\n<p><u>Site<\/u> : en plein centre bourg de Monteaux<\/p>\n<p><u>Taille des vannes <\/u>: diverses tailles dont 1 double vanne<\/p>\n<p><u>Niveau d\u2019eau \u00e0 maintenir <\/u>:780mm<\/p>\n<p><u>Probl\u00e9matique<\/u> : Vannage strat\u00e9gique sur le plan hydraulique. Risque d\u2019inondation de caves<\/p>\n<p>[\/et_pb_slide][et_pb_slide heading=\u00a0\u00bbCommune de Monteaux (41) &#8211; Juin 2020&Prime; use_text_overlay=\u00a0\u00bboff\u00a0\u00bb _builder_version=\u00a0\u00bb4.16&Prime; _module_preset=\u00a0\u00bbdefault\u00a0\u00bb header_font=\u00a0\u00bb||||||||\u00a0\u00bb text_orientation=\u00a0\u00bbcenter\u00a0\u00bb global_colors_info=\u00a0\u00bb{}\u00a0\u00bb sticky_transition=\u00a0\u00bbon\u00a0\u00bb]<\/p>\n<p><img loading=\"lazy\" decoding=\"async\" src=\"https:\/\/panavan.fr\/wp-content\/uploads\/2022\/04\/monteaux-2-300x227.jpg\" width=\"300\" height=\"227\" alt=\"\" class=\"wp-image-1318 alignnone size-medium\" srcset=\"https:\/\/panavan.fr\/wp-content\/uploads\/2022\/04\/monteaux-2-300x227.jpg 300w, https:\/\/panavan.fr\/wp-content\/uploads\/2022\/04\/monteaux-2.jpg 750w\" sizes=\"(max-width: 300px) 100vw, 300px\" \/><\/p>\n<p><strong>APRES<\/strong><\/p>\n<p><u>Objet des Travaux <\/u>:Remplacement des 6\u00a0 anciennes vannes par des vannes automatiques + grilles + juin. Servomoteurs d\u00e9fectueux<\/p>\n<p><u>Site<\/u> : en plein centre bourg de Monteaux<\/p>\n<p><u>Taille des vannes <\/u>: diverses tailles dont 1 double vanne<\/p>\n<p><u>Niveau d\u2019eau \u00e0 maintenir <\/u>:780mm<\/p>\n<p><u>Probl\u00e9matique<\/u> : Vannage strat\u00e9gique sur le plan hydraulique. Risque d\u2019inondation de caves<\/p>\n<p>[\/et_pb_slide][\/et_pb_slider][et_pb_slider arrows_custom_color=\u00a0\u00bb#7a7e82&Prime; dot_nav_custom_color=\u00a0\u00bb#7a7e82&Prime; _builder_version=\u00a0\u00bb4.16&Prime; _module_preset=\u00a0\u00bbdefault\u00a0\u00bb header_font=\u00a0\u00bb||||||||\u00a0\u00bb header_text_color=\u00a0\u00bb#FFFFFF\u00a0\u00bb background_color=\u00a0\u00bb#b3ce7b\u00a0\u00bb custom_margin=\u00a0\u00bb150px||||false|false\u00a0\u00bb custom_margin_tablet=\u00a0\u00bb150px||||false|false\u00a0\u00bb custom_margin_phone=\u00a0\u00bb50px||||false|false\u00a0\u00bb custom_margin_last_edited=\u00a0\u00bbon|phone\u00a0\u00bb animation_style=\u00a0\u00bbfade\u00a0\u00bb border_radii=\u00a0\u00bbon|10px|10px|10px|10px\u00a0\u00bb box_shadow_style=\u00a0\u00bbpreset1&Prime; global_colors_info=\u00a0\u00bb{}\u00a0\u00bb][et_pb_slide heading=\u00a0\u00bbMoulin Neuf (41) &#8211; Novembre 2019&Prime; use_text_overlay=\u00a0\u00bboff\u00a0\u00bb _builder_version=\u00a0\u00bb4.16&Prime; _module_preset=\u00a0\u00bbdefault\u00a0\u00bb header_font=\u00a0\u00bb|600|||||||\u00a0\u00bb header_text_color=\u00a0\u00bb#7a7e82&Prime; body_text_color=\u00a0\u00bb#7a7e82&Prime; text_orientation=\u00a0\u00bbcenter\u00a0\u00bb background_layout=\u00a0\u00bblight\u00a0\u00bb global_colors_info=\u00a0\u00bb{}\u00a0\u00bb sticky_transition=\u00a0\u00bbon\u00a0\u00bb]<\/p>\n<p><img loading=\"lazy\" decoding=\"async\" src=\"https:\/\/panavan.fr\/wp-content\/uploads\/2022\/04\/MOULIN-NEUF-1-300x203.jpg\" width=\"300\" height=\"203\" alt=\"\" class=\"wp-image-1322 alignnone size-medium\" srcset=\"https:\/\/panavan.fr\/wp-content\/uploads\/2022\/04\/MOULIN-NEUF-1-300x203.jpg 300w, https:\/\/panavan.fr\/wp-content\/uploads\/2022\/04\/MOULIN-NEUF-1.jpg 699w\" sizes=\"(max-width: 300px) 100vw, 300px\" \/><\/p>\n<p><strong>AVANT<\/strong><\/p>\n<p>SYNDICAT DE LA CISSE<\/p>\n<p><u>Objet des Travaux <\/u>:Remplacement des anciennes vannes par des vannes automatiques. Servomoteurs d\u00e9fectueux<\/p>\n<p><u>Site<\/u> : Moulin priv\u00e9<\/p>\n<p><u>Taille des vannes <\/u>: 4 vannes \u00e9quip\u00e9es de grilles et joints 1100mm*1320<\/p>\n<p><u>Niveau d\u2019eau \u00e0 maintenir <\/u>:1050mm<\/p>\n<p><u>Probl\u00e9matique<\/u> : Gestion automatique du niveau d\u2019eau. Vannage strat\u00e9gique d\u2019un point de vue hydraulique. R\u00e9partition des d\u00e9bits entre l\u2019alimentation du Moulin et le cours d\u2019eau principal<\/p>\n<p>&nbsp;<\/p>\n<p>[\/et_pb_slide][et_pb_slide heading=\u00a0\u00bbMoulin Neuf (41) &#8211; Novembre 2019&Prime; use_text_overlay=\u00a0\u00bboff\u00a0\u00bb _builder_version=\u00a0\u00bb4.16&Prime; _module_preset=\u00a0\u00bbdefault\u00a0\u00bb header_font=\u00a0\u00bb|600|||||||\u00a0\u00bb header_text_color=\u00a0\u00bb#7a7e82&Prime; body_text_color=\u00a0\u00bb#7a7e82&Prime; text_orientation=\u00a0\u00bbcenter\u00a0\u00bb background_layout=\u00a0\u00bblight\u00a0\u00bb global_colors_info=\u00a0\u00bb{}\u00a0\u00bb sticky_transition=\u00a0\u00bbon\u00a0\u00bb]<\/p>\n<p><img loading=\"lazy\" decoding=\"async\" src=\"https:\/\/panavan.fr\/wp-content\/uploads\/2022\/04\/MOULIN-NEUF-2-300x227.jpg\" width=\"300\" height=\"227\" alt=\"\" class=\"wp-image-1323 alignnone size-medium\" srcset=\"https:\/\/panavan.fr\/wp-content\/uploads\/2022\/04\/MOULIN-NEUF-2-300x227.jpg 300w, https:\/\/panavan.fr\/wp-content\/uploads\/2022\/04\/MOULIN-NEUF-2.jpg 765w\" sizes=\"(max-width: 300px) 100vw, 300px\" \/><\/p>\n<p><strong>APRES<\/strong><\/p>\n<p>SYNDICAT DE LA CISSE<\/p>\n<p><u>Objet des Travaux <\/u>:Remplacement des anciennes vannes par des vannes automatiques. Servomoteurs d\u00e9fectueux<\/p>\n<p><u>Site<\/u> : Moulin priv\u00e9<\/p>\n<p><u>Taille des vannes <\/u>: 4 vannes \u00e9quip\u00e9es de grilles et joints 1100mm*1320<\/p>\n<p><u>Niveau d\u2019eau \u00e0 maintenir <\/u>:1050mm<\/p>\n<p><u>Probl\u00e9matique<\/u> : Gestion automatique du niveau d\u2019eau. Vannage strat\u00e9gique d\u2019un point de vue hydraulique. R\u00e9partition des d\u00e9bits entre l\u2019alimentation du Moulin et le cours d\u2019eau principal<\/p>\n<p>&nbsp;<\/p>\n<p>[\/et_pb_slide][\/et_pb_slider][et_pb_slider arrows_custom_color=\u00a0\u00bb#FFFFFF\u00a0\u00bb dot_nav_custom_color=\u00a0\u00bb#FFFFFF\u00a0\u00bb _builder_version=\u00a0\u00bb4.16&Prime; _module_preset=\u00a0\u00bbdefault\u00a0\u00bb background_color=\u00a0\u00bbrgba(26,56,84,0.73)\u00a0\u00bb custom_margin=\u00a0\u00bb150px||||false|false\u00a0\u00bb custom_margin_tablet=\u00a0\u00bb150px||||false|false\u00a0\u00bb custom_margin_phone=\u00a0\u00bb50px||||false|false\u00a0\u00bb custom_margin_last_edited=\u00a0\u00bbon|phone\u00a0\u00bb animation_style=\u00a0\u00bbfade\u00a0\u00bb border_radii=\u00a0\u00bbon|10px|10px|10px|10px\u00a0\u00bb box_shadow_style=\u00a0\u00bbpreset1&Prime; global_colors_info=\u00a0\u00bb{}\u00a0\u00bb][et_pb_slide heading=\u00a0\u00bbSequana (21) &#8211; Juillet 2019 &#8211; Septembre 2019&Prime; use_text_overlay=\u00a0\u00bboff\u00a0\u00bb _builder_version=\u00a0\u00bb4.16&Prime; _module_preset=\u00a0\u00bbdefault\u00a0\u00bb text_orientation=\u00a0\u00bbcenter\u00a0\u00bb global_colors_info=\u00a0\u00bb{}\u00a0\u00bb sticky_transition=\u00a0\u00bbon\u00a0\u00bb]<\/p>\n<p><img loading=\"lazy\" decoding=\"async\" src=\"https:\/\/panavan.fr\/wp-content\/uploads\/2022\/04\/sequana-3-300x279.jpg\" width=\"300\" height=\"279\" alt=\"\" class=\"wp-image-1326 alignnone size-medium\" srcset=\"https:\/\/panavan.fr\/wp-content\/uploads\/2022\/04\/sequana-3-300x279.jpg 300w, https:\/\/panavan.fr\/wp-content\/uploads\/2022\/04\/sequana-3.jpg 698w\" sizes=\"(max-width: 300px) 100vw, 300px\" \/> <img loading=\"lazy\" decoding=\"async\" src=\"https:\/\/panavan.fr\/wp-content\/uploads\/2022\/04\/sequana-4-300x279.jpg\" width=\"300\" height=\"279\" alt=\"\" class=\"wp-image-1327 alignnone size-medium\" srcset=\"https:\/\/panavan.fr\/wp-content\/uploads\/2022\/04\/sequana-4-300x279.jpg 300w, https:\/\/panavan.fr\/wp-content\/uploads\/2022\/04\/sequana-4-768x715.jpg 768w, https:\/\/panavan.fr\/wp-content\/uploads\/2022\/04\/sequana-4.jpg 786w\" sizes=\"(max-width: 300px) 100vw, 300px\" \/><\/p>\n<p>VANNAGE ANCIENNE PERCEPTION<\/p>\n<p><u>Photos apr\u00e8s cr\u00e9ation de la passe \u00e0 poisson<\/u><\/p>\n<p>[\/et_pb_slide][\/et_pb_slider][et_pb_slider arrows_custom_color=\u00a0\u00bb#7a7e82&Prime; dot_nav_custom_color=\u00a0\u00bb#7a7e82&Prime; _builder_version=\u00a0\u00bb4.16&Prime; _module_preset=\u00a0\u00bbdefault\u00a0\u00bb header_font=\u00a0\u00bb||||||||\u00a0\u00bb header_text_color=\u00a0\u00bb#FFFFFF\u00a0\u00bb background_color=\u00a0\u00bb#b3ce7b\u00a0\u00bb custom_margin=\u00a0\u00bb150px||||false|false\u00a0\u00bb custom_margin_tablet=\u00a0\u00bb150px||||false|false\u00a0\u00bb custom_margin_phone=\u00a0\u00bb50px||||false|false\u00a0\u00bb custom_margin_last_edited=\u00a0\u00bbon|phone\u00a0\u00bb animation_style=\u00a0\u00bbfade\u00a0\u00bb border_radii=\u00a0\u00bbon|10px|10px|10px|10px\u00a0\u00bb box_shadow_style=\u00a0\u00bbpreset1&Prime; global_colors_info=\u00a0\u00bb{}\u00a0\u00bb][et_pb_slide heading=\u00a0\u00bbMoulin de Monmaye (37) &#8211; 2016&Prime; use_text_overlay=\u00a0\u00bboff\u00a0\u00bb _builder_version=\u00a0\u00bb4.16&Prime; _module_preset=\u00a0\u00bbdefault\u00a0\u00bb header_font=\u00a0\u00bb|600|||||||\u00a0\u00bb header_text_color=\u00a0\u00bb#7a7e82&Prime; body_text_color=\u00a0\u00bb#7a7e82&Prime; text_orientation=\u00a0\u00bbcenter\u00a0\u00bb background_layout=\u00a0\u00bblight\u00a0\u00bb global_colors_info=\u00a0\u00bb{}\u00a0\u00bb sticky_transition=\u00a0\u00bbon\u00a0\u00bb]<\/p>\n<p><img loading=\"lazy\" decoding=\"async\" src=\"https:\/\/panavan.fr\/wp-content\/uploads\/2022\/03\/MONMAYE-300x240.jpg\" width=\"300\" height=\"240\" alt=\"\" class=\"wp-image-1028 alignnone size-medium\" srcset=\"https:\/\/panavan.fr\/wp-content\/uploads\/2022\/03\/MONMAYE-300x240.jpg 300w, https:\/\/panavan.fr\/wp-content\/uploads\/2022\/03\/MONMAYE.jpg 650w\" sizes=\"(max-width: 300px) 100vw, 300px\" \/><\/p>\n<p><strong>AVANT<\/strong><\/p>\n<p><strong><u>Objet des Travaux <\/u>:<\/strong> Remplacement d\u2019une vanne classique par 1 vanne<\/p>\n<p><strong><u>Site<\/u> :<\/strong> Moulin priv\u00e9<\/p>\n<p><strong><u>Taille de vanne <\/u>:<\/strong> 2m(H) * 1,5m(L)<\/p>\n<p><strong><u>Niveau d\u2019eau \u00e0 maintenir <\/u>:<\/strong> 1,85 m<\/p>\n<p><strong><u>Probl\u00e9matique<\/u> :<\/strong> Gestion automatique du niveau d\u2019eau notamment en cas d\u2019absence du propri\u00e9taire. Vanne permettant la r\u00e9partition des d\u00e9bits entre plusieurs bras pour fonctionnement hydraulique de l\u2019ensemble du site (Passe \u00e0 poisson naturelle, multiples d\u00e9versoirs en cas de risques d\u2019inondations, projet de petite hydro\u00e9lectricit\u00e9)<\/p>\n<p>[\/et_pb_slide][et_pb_slide heading=\u00a0\u00bbMoulin de Monmaye (37) &#8211; 2016&Prime; use_text_overlay=\u00a0\u00bboff\u00a0\u00bb _builder_version=\u00a0\u00bb4.16&Prime; _module_preset=\u00a0\u00bbdefault\u00a0\u00bb header_font=\u00a0\u00bb|600|||||||\u00a0\u00bb header_text_color=\u00a0\u00bb#7a7e82&Prime; body_text_color=\u00a0\u00bb#7a7e82&Prime; text_orientation=\u00a0\u00bbcenter\u00a0\u00bb background_layout=\u00a0\u00bblight\u00a0\u00bb global_colors_info=\u00a0\u00bb{}\u00a0\u00bb sticky_transition=\u00a0\u00bbon\u00a0\u00bb]<\/p>\n<p><img loading=\"lazy\" decoding=\"async\" src=\"https:\/\/panavan.fr\/wp-content\/uploads\/2022\/03\/MONMAYE-2-204x300.jpg\" width=\"204\" height=\"300\" alt=\"\" class=\"wp-image-1027 alignnone size-medium\" style=\"display: block; margin-left: auto; margin-right: auto;\" srcset=\"https:\/\/panavan.fr\/wp-content\/uploads\/2022\/03\/MONMAYE-2-204x300.jpg 204w, https:\/\/panavan.fr\/wp-content\/uploads\/2022\/03\/MONMAYE-2.jpg 579w\" sizes=\"(max-width: 204px) 100vw, 204px\" \/><\/p>\n<p><strong>APRES<\/strong><\/p>\n<p><strong><u>Objet des Travaux <\/u>:<\/strong> Remplacement d\u2019une vanne classique par 1 vanne<\/p>\n<p><strong><u>Site<\/u> :<\/strong> Moulin priv\u00e9<\/p>\n<p><strong><u>Taille de vanne <\/u>:<\/strong> 2m(H) * 1,5m(L)<\/p>\n<p><strong><u>Niveau d\u2019eau \u00e0 maintenir <\/u>:<\/strong> 1,85 m<\/p>\n<p><strong><u>Probl\u00e9matique<\/u> :<\/strong> Gestion automatique du niveau d\u2019eau notamment en cas d\u2019absence du propri\u00e9taire. Vanne permettant la r\u00e9partition des d\u00e9bits entre plusieurs bras pour fonctionnement hydraulique de l\u2019ensemble du site (Passe \u00e0 poisson naturelle, multiples d\u00e9versoirs en cas de risques d\u2019inondations, projet de petite hydro\u00e9lectricit\u00e9)<\/p>\n<p>[\/et_pb_slide][\/et_pb_slider][et_pb_slider arrows_custom_color=\u00a0\u00bb#FFFFFF\u00a0\u00bb dot_nav_custom_color=\u00a0\u00bb#FFFFFF\u00a0\u00bb _builder_version=\u00a0\u00bb4.16&Prime; _module_preset=\u00a0\u00bbdefault\u00a0\u00bb background_color=\u00a0\u00bbrgba(72,78,84,0.73)\u00a0\u00bb custom_margin=\u00a0\u00bb150px||||false|false\u00a0\u00bb custom_margin_tablet=\u00a0\u00bb150px||||false|false\u00a0\u00bb custom_margin_phone=\u00a0\u00bb50px||||false|false\u00a0\u00bb custom_margin_last_edited=\u00a0\u00bbon|phone\u00a0\u00bb animation_style=\u00a0\u00bbfade\u00a0\u00bb border_radii=\u00a0\u00bbon|10px|10px|10px|10px\u00a0\u00bb box_shadow_style=\u00a0\u00bbpreset1&Prime; global_colors_info=\u00a0\u00bb{}\u00a0\u00bb][et_pb_slide heading=\u00a0\u00bbMoulin Mathy (71) &#8211; 2015&Prime; use_text_overlay=\u00a0\u00bboff\u00a0\u00bb _builder_version=\u00a0\u00bb4.16&Prime; _module_preset=\u00a0\u00bbdefault\u00a0\u00bb header_font=\u00a0\u00bb||||||||\u00a0\u00bb text_orientation=\u00a0\u00bbcenter\u00a0\u00bb global_colors_info=\u00a0\u00bb{}\u00a0\u00bb sticky_transition=\u00a0\u00bbon\u00a0\u00bb]<\/p>\n<p><img loading=\"lazy\" decoding=\"async\" src=\"https:\/\/panavan.fr\/wp-content\/uploads\/2022\/03\/MATHY-300x216.jpg\" width=\"300\" height=\"216\" alt=\"\" class=\"wp-image-1023 alignnone size-medium\" srcset=\"https:\/\/panavan.fr\/wp-content\/uploads\/2022\/03\/MATHY-300x216.jpg 300w, https:\/\/panavan.fr\/wp-content\/uploads\/2022\/03\/MATHY.jpg 717w\" sizes=\"(max-width: 300px) 100vw, 300px\" \/><\/p>\n<p><strong>AVANT<\/strong><\/p>\n<p><strong><u>Objet des Travaux <\/u>:<\/strong> Remplacement de deux vannes classiques par 2 vannes PANAVAN sur barrage d\u2019un total de 4 vannes<\/p>\n<p><strong><u>Site<\/u><\/strong><b> :\u00a0 <\/b>Moulin<\/p>\n<p><strong><u>Taille des vannes <\/u>:<\/strong> 1 m (H) * 1 m(L)-Vannes en Inox<\/p>\n<p><strong><u>Niveau d\u2019eau \u00e0 maintenir <\/u>:<\/strong> 60 cm<\/p>\n<p><strong><u>Probl\u00e9matique<\/u> :<\/strong> Gestion automatique du niveau d\u2019eau notamment en cas d\u2019absence du propri\u00e9taire, risque d\u2019inondation sur terres agricoles<\/p>\n<p>[\/et_pb_slide][et_pb_slide heading=\u00a0\u00bbMoulin Mathy (71) &#8211; 2015&Prime; use_text_overlay=\u00a0\u00bboff\u00a0\u00bb _builder_version=\u00a0\u00bb4.16&Prime; _module_preset=\u00a0\u00bbdefault\u00a0\u00bb header_font=\u00a0\u00bb||||||||\u00a0\u00bb text_orientation=\u00a0\u00bbcenter\u00a0\u00bb global_colors_info=\u00a0\u00bb{}\u00a0\u00bb sticky_transition=\u00a0\u00bbon\u00a0\u00bb]<\/p>\n<p><img loading=\"lazy\" decoding=\"async\" src=\"https:\/\/panavan.fr\/wp-content\/uploads\/2022\/03\/MATHY-2-300x234.jpg\" width=\"300\" height=\"234\" alt=\"\" class=\"wp-image-1022 alignnone size-medium\" srcset=\"https:\/\/panavan.fr\/wp-content\/uploads\/2022\/03\/MATHY-2-300x234.jpg 300w, https:\/\/panavan.fr\/wp-content\/uploads\/2022\/03\/MATHY-2.jpg 665w\" sizes=\"(max-width: 300px) 100vw, 300px\" \/><\/p>\n<p><strong>APRES<\/strong><\/p>\n<p><strong><u>Objet des Travaux <\/u>:<\/strong> Remplacement de deux vannes classiques par 2 vannes PANAVAN sur barrage d\u2019un total de 4 vannes<\/p>\n<p><strong><u>Site<\/u><\/strong><b> :\u00a0 <\/b>Moulin<\/p>\n<p><strong><u>Taille des vannes <\/u>:<\/strong> 1 m (H) * 1 m(L)-Vannes en Inox<\/p>\n<p><strong><u>Niveau d\u2019eau \u00e0 maintenir <\/u>:<\/strong> 60 cm<\/p>\n<p><strong><u>Probl\u00e9matique<\/u> :<\/strong> Gestion automatique du niveau d\u2019eau notamment en cas d\u2019absence du propri\u00e9taire, risque d\u2019inondation sur terres agricoles<\/p>\n<p>[\/et_pb_slide][\/et_pb_slider][et_pb_slider arrows_custom_color=\u00a0\u00bb#FFFFFF\u00a0\u00bb dot_nav_custom_color=\u00a0\u00bb#FFFFFF\u00a0\u00bb _builder_version=\u00a0\u00bb4.16&Prime; _module_preset=\u00a0\u00bbdefault\u00a0\u00bb background_color=\u00a0\u00bbrgba(26,56,84,0.73)\u00a0\u00bb custom_margin=\u00a0\u00bb150px||||false|false\u00a0\u00bb custom_margin_tablet=\u00a0\u00bb150px||||false|false\u00a0\u00bb custom_margin_phone=\u00a0\u00bb50px||||false|false\u00a0\u00bb custom_margin_last_edited=\u00a0\u00bbon|phone\u00a0\u00bb animation_style=\u00a0\u00bbfade\u00a0\u00bb border_radii=\u00a0\u00bbon|10px|10px|10px|10px\u00a0\u00bb box_shadow_style=\u00a0\u00bbpreset1&Prime; global_colors_info=\u00a0\u00bb{}\u00a0\u00bb][et_pb_slide heading=\u00a0\u00bbMontigny-sur-Avre (28) &#8211; 2015&Prime; use_text_overlay=\u00a0\u00bboff\u00a0\u00bb _builder_version=\u00a0\u00bb4.16&Prime; _module_preset=\u00a0\u00bbdefault\u00a0\u00bb text_orientation=\u00a0\u00bbcenter\u00a0\u00bb global_colors_info=\u00a0\u00bb{}\u00a0\u00bb sticky_transition=\u00a0\u00bbon\u00a0\u00bb]<\/p>\n<p><img loading=\"lazy\" decoding=\"async\" src=\"https:\/\/panavan.fr\/wp-content\/uploads\/2022\/03\/MONTIGNY-295x300.jpg\" width=\"295\" height=\"300\" alt=\"\" class=\"wp-image-1016 alignnone size-medium\" srcset=\"https:\/\/panavan.fr\/wp-content\/uploads\/2022\/03\/MONTIGNY-295x300.jpg 295w, https:\/\/panavan.fr\/wp-content\/uploads\/2022\/03\/MONTIGNY.jpg 615w\" sizes=\"(max-width: 295px) 100vw, 295px\" \/><\/p>\n<p><strong>AVANT<\/strong><\/p>\n<p><u>Objet des travaux <\/u>: Remplacement des 5 vannes bois par 5 vannes mobiles PANAVAN<\/p>\n<p><u>Taille des vannes <\/u>:1 500 X 1 400 mm<\/p>\n<p><u>Niveau d\u2019eau \u00e0 maintenir <\/u>: 1m10<\/p>\n<p><u>Site<\/u> : Priv\u00e9<\/p>\n<p><u>Probl\u00e9matique<\/u> : R\u00e8glement d\u2019eau \u00e0 respecter, R\u00e9gulation en automatique souhait\u00e9e<\/p>\n<p>[\/et_pb_slide][et_pb_slide heading=\u00a0\u00bbMontigny-sur-Avre (28) &#8211; 2015&Prime; _builder_version=\u00a0\u00bb4.16&Prime; _module_preset=\u00a0\u00bbdefault\u00a0\u00bb global_colors_info=\u00a0\u00bb{}\u00a0\u00bb sticky_transition=\u00a0\u00bbon\u00a0\u00bb]<\/p>\n<p><img loading=\"lazy\" decoding=\"async\" src=\"https:\/\/panavan.fr\/wp-content\/uploads\/2022\/03\/MONTIGNY-2-300x276.jpg\" width=\"300\" height=\"276\" alt=\"\" class=\"wp-image-1015 alignnone size-medium\" srcset=\"https:\/\/panavan.fr\/wp-content\/uploads\/2022\/03\/MONTIGNY-2-300x276.jpg 300w, https:\/\/panavan.fr\/wp-content\/uploads\/2022\/03\/MONTIGNY-2.jpg 680w\" sizes=\"(max-width: 300px) 100vw, 300px\" \/><\/p>\n<p><strong><span style=\"color: #ffffff;\">APRES<\/span><\/strong><\/p>\n<p><span style=\"color: #ffffff;\"><u>Objet des travaux <\/u>: Remplacement des 5 vannes bois par 5 vannes mobiles PANAVAN<\/span><\/p>\n<p><span style=\"color: #ffffff;\"><u>Taille des vannes <\/u>:1 500 X 1 400 mm<\/span><\/p>\n<p><span style=\"color: #ffffff;\"><u>Niveau d\u2019eau \u00e0 maintenir <\/u>: 1m10<\/span><\/p>\n<p><span style=\"color: #ffffff;\"><u>Site<\/u> : Priv\u00e9<\/span><\/p>\n<p><span style=\"color: #ffffff;\"><u>Probl\u00e9matique<\/u> : R\u00e8glement d\u2019eau \u00e0 respecter, R\u00e9gulation en automatique souhait\u00e9e<\/span><\/p>\n<p>[\/et_pb_slide][\/et_pb_slider][\/et_pb_column][et_pb_column type=\u00a0\u00bb1_2&Prime; _builder_version=\u00a0\u00bb4.16&Prime; _module_preset=\u00a0\u00bbdefault\u00a0\u00bb global_colors_info=\u00a0\u00bb{}\u00a0\u00bb][et_pb_slider arrows_custom_color=\u00a0\u00bb#FFFFFF\u00a0\u00bb dot_nav_custom_color=\u00a0\u00bb#FFFFFF\u00a0\u00bb _builder_version=\u00a0\u00bb4.27.5&Prime; _module_preset=\u00a0\u00bbdefault\u00a0\u00bb background_color=\u00a0\u00bbrgba(26,56,84,0.73)\u00a0\u00bb custom_margin=\u00a0\u00bb150px||||false|false\u00a0\u00bb custom_margin_tablet=\u00a0\u00bb150px||||false|false\u00a0\u00bb custom_margin_phone=\u00a0\u00bb50px||||false|false\u00a0\u00bb custom_margin_last_edited=\u00a0\u00bbon|phone\u00a0\u00bb animation_style=\u00a0\u00bbfade\u00a0\u00bb hover_enabled=\u00a0\u00bb0&Prime; border_radii=\u00a0\u00bbon|10px|10px|10px|10px\u00a0\u00bb box_shadow_style=\u00a0\u00bbpreset1&Prime; global_colors_info=\u00a0\u00bb{}\u00a0\u00bb sticky_enabled=\u00a0\u00bb0&Prime;][et_pb_slide heading=\u00a0\u00bbCommune de Jouy (28)-Gestion par Chartres M\u00e9tropole\u00a0\u00bb use_text_overlay=\u00a0\u00bboff\u00a0\u00bb _builder_version=\u00a0\u00bb4.27.5&Prime; _module_preset=\u00a0\u00bbdefault\u00a0\u00bb text_orientation=\u00a0\u00bbcenter\u00a0\u00bb hover_enabled=\u00a0\u00bb0&Prime; global_colors_info=\u00a0\u00bb{}\u00a0\u00bb sticky_transition=\u00a0\u00bbon\u00a0\u00bb sticky_enabled=\u00a0\u00bb0&Prime;]<\/p>\n<p><img loading=\"lazy\" decoding=\"async\" src=\"https:\/\/panavan.fr\/wp-content\/uploads\/2026\/01\/jouy-avant-300x121.jpg\" width=\"300\" height=\"121\" alt=\"\" class=\"wp-image-1731 alignnone size-medium\" srcset=\"https:\/\/panavan.fr\/wp-content\/uploads\/2026\/01\/jouy-avant-300x121.jpg 300w, https:\/\/panavan.fr\/wp-content\/uploads\/2026\/01\/jouy-avant-1024x413.jpg 1024w, https:\/\/panavan.fr\/wp-content\/uploads\/2026\/01\/jouy-avant-768x309.jpg 768w, https:\/\/panavan.fr\/wp-content\/uploads\/2026\/01\/jouy-avant-18x7.jpg 18w, https:\/\/panavan.fr\/wp-content\/uploads\/2026\/01\/jouy-avant.jpg 1030w\" sizes=\"(max-width: 300px) 100vw, 300px\" \/><\/p>\n<p><strong>AVANT<\/strong><\/p>\n<p>Vannages vieillissants sur site priv\u00e9 mais g\u00e9r\u00e9 par le service technique de l&rsquo;Agglo-Sites isol\u00e9s-Risque en centre-ville-souhait de tendre vers une gestion la plus autonome\u00a0<\/p>\n<p>[\/et_pb_slide][et_pb_slide heading=\u00a0\u00bbCommune de Jouy (28)-Gestion par Chartres M\u00e9tropole\u00a0\u00bb use_text_overlay=\u00a0\u00bboff\u00a0\u00bb _builder_version=\u00a0\u00bb4.27.5&Prime; _module_preset=\u00a0\u00bbdefault\u00a0\u00bb text_orientation=\u00a0\u00bbcenter\u00a0\u00bb hover_enabled=\u00a0\u00bb0&Prime; global_colors_info=\u00a0\u00bb{}\u00a0\u00bb sticky_transition=\u00a0\u00bbon\u00a0\u00bb sticky_enabled=\u00a0\u00bb0&Prime;]<\/p>\n<p><img loading=\"lazy\" decoding=\"async\" src=\"https:\/\/panavan.fr\/wp-content\/uploads\/2026\/01\/Jouy5-300x171.jpg\" width=\"300\" height=\"171\" alt=\"\" class=\"wp-image-1704 alignnone size-medium\" srcset=\"https:\/\/panavan.fr\/wp-content\/uploads\/2026\/01\/Jouy5-300x171.jpg 300w, https:\/\/panavan.fr\/wp-content\/uploads\/2026\/01\/Jouy5-1024x583.jpg 1024w, https:\/\/panavan.fr\/wp-content\/uploads\/2026\/01\/Jouy5-768x437.jpg 768w, https:\/\/panavan.fr\/wp-content\/uploads\/2026\/01\/Jouy5-18x10.jpg 18w, https:\/\/panavan.fr\/wp-content\/uploads\/2026\/01\/Jouy5-1080x615.jpg 1080w, https:\/\/panavan.fr\/wp-content\/uploads\/2026\/01\/Jouy5-rotated.jpg 1231w\" sizes=\"(max-width: 300px) 100vw, 300px\" \/><\/p>\n<p><strong>APRES<\/strong><\/p>\n<p>Etudes, Ing\u00e9nierie pour conception, fabrication, installation des 2 vannages-Coordination pour mise en place du battardeau, nouveau radier-Fabrication et Installation de l&rsquo;ensemble des 2 nouveaux vannages : Structrure porteuse, passerelle et garde-corps, vannes, grilles-Vannes PANAVAN pour gestion autonome<\/p>\n<p>[\/et_pb_slide][\/et_pb_slider][et_pb_slider arrows_custom_color=\u00a0\u00bb#FFFFFF\u00a0\u00bb dot_nav_custom_color=\u00a0\u00bb#FFFFFF\u00a0\u00bb _builder_version=\u00a0\u00bb4.27.5&Prime; _module_preset=\u00a0\u00bbdefault\u00a0\u00bb background_color=\u00a0\u00bbrgba(26,56,84,0.73)\u00a0\u00bb custom_margin=\u00a0\u00bb35px||||false|false\u00a0\u00bb custom_margin_tablet=\u00a0\u00bb150px||||false|false\u00a0\u00bb custom_margin_phone=\u00a0\u00bb50px||||false|false\u00a0\u00bb custom_margin_last_edited=\u00a0\u00bbon|phone\u00a0\u00bb animation_style=\u00a0\u00bbfade\u00a0\u00bb hover_enabled=\u00a0\u00bb0&Prime; border_radii=\u00a0\u00bbon|10px|10px|10px|10px\u00a0\u00bb box_shadow_style=\u00a0\u00bbpreset1&Prime; global_colors_info=\u00a0\u00bb{}\u00a0\u00bb sticky_enabled=\u00a0\u00bb0&Prime;][et_pb_slide heading=\u00a0\u00bbCommune de Crecy-la Chapelle 77- Oct 2025&Prime; use_text_overlay=\u00a0\u00bboff\u00a0\u00bb _builder_version=\u00a0\u00bb4.27.5&Prime; _module_preset=\u00a0\u00bbdefault\u00a0\u00bb text_orientation=\u00a0\u00bbcenter\u00a0\u00bb hover_enabled=\u00a0\u00bb0&Prime; global_colors_info=\u00a0\u00bb{}\u00a0\u00bb sticky_transition=\u00a0\u00bbon\u00a0\u00bb sticky_enabled=\u00a0\u00bb0&Prime;]<\/p>\n<p><img loading=\"lazy\" decoding=\"async\" src=\"https:\/\/panavan.fr\/wp-content\/uploads\/2026\/01\/crecy-avant-225x300.jpg\" width=\"225\" height=\"300\" alt=\"\" class=\"wp-image-1727 alignnone size-medium\" srcset=\"https:\/\/panavan.fr\/wp-content\/uploads\/2026\/01\/crecy-avant-225x300.jpg 225w, https:\/\/panavan.fr\/wp-content\/uploads\/2026\/01\/crecy-avant-768x1024.jpg 768w, https:\/\/panavan.fr\/wp-content\/uploads\/2026\/01\/crecy-avant-1152x1536.jpg 1152w, https:\/\/panavan.fr\/wp-content\/uploads\/2026\/01\/crecy-avant-9x12.jpg 9w, https:\/\/panavan.fr\/wp-content\/uploads\/2026\/01\/crecy-avant-1080x1440.jpg 1080w, https:\/\/panavan.fr\/wp-content\/uploads\/2026\/01\/crecy-avant.jpg 1536w\" sizes=\"(max-width: 225px) 100vw, 225px\" \/><\/p>\n<p><strong>AVANT<\/strong><\/p>\n<p>Etude pour motorisation du cric d&rsquo;une grande vanne bois et racordement \u00e9lectrique \u00e0 l&rsquo;armoire-Choix du nouveau cric et installation<\/p>\n<p>[\/et_pb_slide][et_pb_slide heading=\u00a0\u00bbCommune de Crecy la chapelle (77)\u00a0\u00bb use_text_overlay=\u00a0\u00bboff\u00a0\u00bb _builder_version=\u00a0\u00bb4.27.5&Prime; _module_preset=\u00a0\u00bbdefault\u00a0\u00bb text_orientation=\u00a0\u00bbcenter\u00a0\u00bb hover_enabled=\u00a0\u00bb0&Prime; global_colors_info=\u00a0\u00bb{}\u00a0\u00bb sticky_transition=\u00a0\u00bbon\u00a0\u00bb sticky_enabled=\u00a0\u00bb0&Prime;]<\/p>\n<p><img loading=\"lazy\" decoding=\"async\" src=\"https:\/\/panavan.fr\/wp-content\/uploads\/2026\/01\/crecy3-apres-238x300.jpg\" width=\"238\" height=\"300\" alt=\"\" class=\"wp-image-1694 alignnone size-medium\" srcset=\"https:\/\/panavan.fr\/wp-content\/uploads\/2026\/01\/crecy3-apres-238x300.jpg 238w, https:\/\/panavan.fr\/wp-content\/uploads\/2026\/01\/crecy3-apres-813x1024.jpg 813w, https:\/\/panavan.fr\/wp-content\/uploads\/2026\/01\/crecy3-apres-768x968.jpg 768w, https:\/\/panavan.fr\/wp-content\/uploads\/2026\/01\/crecy3-apres-10x12.jpg 10w, https:\/\/panavan.fr\/wp-content\/uploads\/2026\/01\/crecy3-apres.jpg 922w\" sizes=\"(max-width: 238px) 100vw, 238px\" \/><\/p>\n<p><strong>APRES<\/strong><\/p>\n<p>Etude, installation du cric motoris\u00e9<\/p>\n<p>[\/et_pb_slide][\/et_pb_slider][et_pb_slider arrows_custom_color=\u00a0\u00bb#FFFFFF\u00a0\u00bb dot_nav_custom_color=\u00a0\u00bb#FFFFFF\u00a0\u00bb _builder_version=\u00a0\u00bb4.27.5&Prime; _module_preset=\u00a0\u00bbdefault\u00a0\u00bb background_color=\u00a0\u00bbrgba(26,56,84,0.73)\u00a0\u00bb custom_margin=\u00a0\u00bb32px||||false|false\u00a0\u00bb custom_margin_tablet=\u00a0\u00bb150px||||false|false\u00a0\u00bb custom_margin_phone=\u00a0\u00bb50px||||false|false\u00a0\u00bb custom_margin_last_edited=\u00a0\u00bbon|phone\u00a0\u00bb animation_style=\u00a0\u00bbfade\u00a0\u00bb hover_enabled=\u00a0\u00bb0&Prime; border_radii=\u00a0\u00bbon|10px|10px|10px|10px\u00a0\u00bb box_shadow_style=\u00a0\u00bbpreset1&Prime; global_colors_info=\u00a0\u00bb{}\u00a0\u00bb sticky_enabled=\u00a0\u00bb0&Prime;][et_pb_slide heading=\u00a0\u00bbSite priv\u00e9 \u00e0 Ligni\u00e8res (41)\u00a0\u00bb use_text_overlay=\u00a0\u00bboff\u00a0\u00bb _builder_version=\u00a0\u00bb4.27.5&Prime; _module_preset=\u00a0\u00bbdefault\u00a0\u00bb text_orientation=\u00a0\u00bbcenter\u00a0\u00bb hover_enabled=\u00a0\u00bb0&Prime; global_colors_info=\u00a0\u00bb{}\u00a0\u00bb sticky_transition=\u00a0\u00bbon\u00a0\u00bb sticky_enabled=\u00a0\u00bb0&Prime;]<\/p>\n<p><img loading=\"lazy\" decoding=\"async\" src=\"https:\/\/panavan.fr\/wp-content\/uploads\/2026\/01\/lignieres-avant-300x169.jpg\" width=\"300\" height=\"169\" alt=\"\" class=\"wp-image-1720 alignnone size-medium\" srcset=\"https:\/\/panavan.fr\/wp-content\/uploads\/2026\/01\/lignieres-avant-300x169.jpg 300w, https:\/\/panavan.fr\/wp-content\/uploads\/2026\/01\/lignieres-avant-1024x576.jpg 1024w, https:\/\/panavan.fr\/wp-content\/uploads\/2026\/01\/lignieres-avant-768x432.jpg 768w, https:\/\/panavan.fr\/wp-content\/uploads\/2026\/01\/lignieres-avant-1536x864.jpg 1536w, https:\/\/panavan.fr\/wp-content\/uploads\/2026\/01\/lignieres-avant-2048x1152.jpg 2048w, https:\/\/panavan.fr\/wp-content\/uploads\/2026\/01\/lignieres-avant-18x10.jpg 18w, https:\/\/panavan.fr\/wp-content\/uploads\/2026\/01\/lignieres-avant-1080x608.jpg 1080w\" sizes=\"(max-width: 300px) 100vw, 300px\" \/><\/p>\n<p><strong>AVANT<\/strong><\/p>\n<p>Remplacement des vannes bois vieillissantes et crics non fonctionnels sur 2 vannages (8 vannes)<\/p>\n<p>[\/et_pb_slide][et_pb_slide heading=\u00a0\u00bbSite priv\u00e9 \u00e0 Ligni\u00e8res (41)\u00a0\u00bb use_text_overlay=\u00a0\u00bboff\u00a0\u00bb _builder_version=\u00a0\u00bb4.27.5&Prime; _module_preset=\u00a0\u00bbdefault\u00a0\u00bb text_orientation=\u00a0\u00bbcenter\u00a0\u00bb hover_enabled=\u00a0\u00bb0&Prime; global_colors_info=\u00a0\u00bb{}\u00a0\u00bb sticky_transition=\u00a0\u00bbon\u00a0\u00bb sticky_enabled=\u00a0\u00bb0&Prime;]<\/p>\n<p><img loading=\"lazy\" decoding=\"async\" src=\"https:\/\/panavan.fr\/wp-content\/uploads\/2026\/01\/lignieres-1-1-300x225.jpg\" width=\"300\" height=\"225\" alt=\"\" class=\"wp-image-1721 alignnone size-medium\" srcset=\"https:\/\/panavan.fr\/wp-content\/uploads\/2026\/01\/lignieres-1-1-300x225.jpg 300w, https:\/\/panavan.fr\/wp-content\/uploads\/2026\/01\/lignieres-1-1-1024x768.jpg 1024w, https:\/\/panavan.fr\/wp-content\/uploads\/2026\/01\/lignieres-1-1-768x576.jpg 768w, https:\/\/panavan.fr\/wp-content\/uploads\/2026\/01\/lignieres-1-1-1536x1152.jpg 1536w, https:\/\/panavan.fr\/wp-content\/uploads\/2026\/01\/lignieres-1-1-2048x1536.jpg 2048w, https:\/\/panavan.fr\/wp-content\/uploads\/2026\/01\/lignieres-1-1-16x12.jpg 16w, https:\/\/panavan.fr\/wp-content\/uploads\/2026\/01\/lignieres-1-1-510x382.jpg 510w, https:\/\/panavan.fr\/wp-content\/uploads\/2026\/01\/lignieres-1-1-1080x810.jpg 1080w\" sizes=\"(max-width: 300px) 100vw, 300px\" \/><\/p>\n<p><strong>APRES<\/strong><\/p>\n<p>Conception sur mesure des vannes \u00e0 remplacer, Fabrication et installation + blocs crics<\/p>\n<p>[\/et_pb_slide][\/et_pb_slider][et_pb_slider arrows_custom_color=\u00a0\u00bb#FFFFFF\u00a0\u00bb dot_nav_custom_color=\u00a0\u00bb#FFFFFF\u00a0\u00bb _builder_version=\u00a0\u00bb4.27.4&Prime; _module_preset=\u00a0\u00bbdefault\u00a0\u00bb background_color=\u00a0\u00bbrgba(26,56,84,0.73)\u00a0\u00bb custom_margin=\u00a0\u00bb32px||||false|false\u00a0\u00bb custom_margin_tablet=\u00a0\u00bb150px||||false|false\u00a0\u00bb custom_margin_phone=\u00a0\u00bb50px||||false|false\u00a0\u00bb custom_margin_last_edited=\u00a0\u00bbon|phone\u00a0\u00bb animation_style=\u00a0\u00bbfade\u00a0\u00bb border_radii=\u00a0\u00bbon|10px|10px|10px|10px\u00a0\u00bb box_shadow_style=\u00a0\u00bbpreset1&Prime; global_colors_info=\u00a0\u00bb{}\u00a0\u00bb][et_pb_slide heading=\u00a0\u00bbCommune de Ville sous la Fert\u00e9 (10)\u00a0\u00bb use_text_overlay=\u00a0\u00bboff\u00a0\u00bb _builder_version=\u00a0\u00bb4.27.4&Prime; _module_preset=\u00a0\u00bbdefault\u00a0\u00bb text_orientation=\u00a0\u00bbcenter\u00a0\u00bb global_colors_info=\u00a0\u00bb{}\u00a0\u00bb sticky_transition=\u00a0\u00bbon\u00a0\u00bb]<\/p>\n<p><img loading=\"lazy\" decoding=\"async\" src=\"https:\/\/panavan.fr\/wp-content\/uploads\/2024\/12\/clairavux-avant-294x300.jpg\" width=\"294\" height=\"300\" alt=\"\" class=\"wp-image-1616 alignnone size-medium\" srcset=\"https:\/\/panavan.fr\/wp-content\/uploads\/2024\/12\/clairavux-avant-294x300.jpg 294w, https:\/\/panavan.fr\/wp-content\/uploads\/2024\/12\/clairavux-avant.jpg 591w\" sizes=\"(max-width: 294px) 100vw, 294px\" \/><\/p>\n<p><strong>AVANT<\/strong><\/p>\n<p>Vannage de la Grange au sein de l&rsquo;Abbaye de Clairvaux. N\u00e9cessit\u00e9 de maintenir un niveau d&rsquo;eau amont r\u00e9gulier et en automatique pour l&rsquo;Abbaye et les riverains<\/p>\n<p>[\/et_pb_slide][et_pb_slide heading=\u00a0\u00bbCommune de Ville sous la Fert\u00e9 (10)\u00a0\u00bb use_text_overlay=\u00a0\u00bboff\u00a0\u00bb _builder_version=\u00a0\u00bb4.27.4&Prime; _module_preset=\u00a0\u00bbdefault\u00a0\u00bb text_orientation=\u00a0\u00bbcenter\u00a0\u00bb global_colors_info=\u00a0\u00bb{}\u00a0\u00bb sticky_transition=\u00a0\u00bbon\u00a0\u00bb]<\/p>\n<p><img loading=\"lazy\" decoding=\"async\" src=\"https:\/\/panavan.fr\/wp-content\/uploads\/2024\/12\/clairvaux-225x300.jpg\" width=\"225\" height=\"300\" alt=\"\" class=\"wp-image-1601 alignnone size-medium\" srcset=\"https:\/\/panavan.fr\/wp-content\/uploads\/2024\/12\/clairvaux-225x300.jpg 225w, https:\/\/panavan.fr\/wp-content\/uploads\/2024\/12\/clairvaux-768x1024.jpg 768w, https:\/\/panavan.fr\/wp-content\/uploads\/2024\/12\/clairvaux-1152x1536.jpg 1152w, https:\/\/panavan.fr\/wp-content\/uploads\/2024\/12\/clairvaux-1536x2048.jpg 1536w, https:\/\/panavan.fr\/wp-content\/uploads\/2024\/12\/clairvaux-1080x1440.jpg 1080w, https:\/\/panavan.fr\/wp-content\/uploads\/2024\/12\/clairvaux-scaled.jpg 1920w\" sizes=\"(max-width: 225px) 100vw, 225px\" \/><\/p>\n<p><strong>APRES<\/strong><\/p>\n<p>Vanne remplac\u00e9e ainsi que le cric accoupl\u00e9. R\u00e9gulation en automatique. Gestion facilit\u00e9e pour le syndicat de rivi\u00e8re en charge de la gestion de la vanne dans ce site prot\u00e9g\u00e9<\/p>\n<p>[\/et_pb_slide][\/et_pb_slider][et_pb_slider arrows_custom_color=\u00a0\u00bb#FFFFFF\u00a0\u00bb dot_nav_custom_color=\u00a0\u00bb#FFFFFF\u00a0\u00bb _builder_version=\u00a0\u00bb4.27.4&Prime; _module_preset=\u00a0\u00bbdefault\u00a0\u00bb background_color=\u00a0\u00bbrgba(72,78,84,0.73)\u00a0\u00bb custom_margin=\u00a0\u00bb0px||||false|false\u00a0\u00bb animation_style=\u00a0\u00bbfade\u00a0\u00bb border_radii=\u00a0\u00bbon|10px|10px|10px|10px\u00a0\u00bb box_shadow_style=\u00a0\u00bbpreset1&Prime; global_colors_info=\u00a0\u00bb{}\u00a0\u00bb][et_pb_slide heading=\u00a0\u00bbCommune de Neuville aux bois (45) &#8211; Nov 2024&Prime; use_text_overlay=\u00a0\u00bboff\u00a0\u00bb _builder_version=\u00a0\u00bb4.27.4&Prime; _module_preset=\u00a0\u00bbdefault\u00a0\u00bb text_orientation=\u00a0\u00bbcenter\u00a0\u00bb global_colors_info=\u00a0\u00bb{}\u00a0\u00bb sticky_transition=\u00a0\u00bbon\u00a0\u00bb]<\/p>\n<p><img loading=\"lazy\" decoding=\"async\" src=\"https:\/\/panavan.fr\/wp-content\/uploads\/2024\/12\/smore-avant-300x189.png\" width=\"300\" height=\"189\" alt=\"\" class=\"wp-image-1614 alignnone size-medium\" srcset=\"https:\/\/panavan.fr\/wp-content\/uploads\/2024\/12\/smore-avant-300x189.png 300w, https:\/\/panavan.fr\/wp-content\/uploads\/2024\/12\/smore-avant-400x250.png 400w, https:\/\/panavan.fr\/wp-content\/uploads\/2024\/12\/smore-avant.png 655w\" sizes=\"(max-width: 300px) 100vw, 300px\" \/><\/p>\n<p>AVANT<\/p>\n<p>Cr\u00e9ation d&rsquo;un ouvrage de r\u00e9partition des eaux<\/p>\n<p>[\/et_pb_slide][et_pb_slide heading=\u00a0\u00bbCommune de Neuville aux bois (45) &#8211; Nov 2024&Prime; use_text_overlay=\u00a0\u00bboff\u00a0\u00bb _builder_version=\u00a0\u00bb4.27.4&Prime; _module_preset=\u00a0\u00bbdefault\u00a0\u00bb text_orientation=\u00a0\u00bbcenter\u00a0\u00bb global_colors_info=\u00a0\u00bb{}\u00a0\u00bb sticky_transition=\u00a0\u00bbon\u00a0\u00bb]<\/p>\n<p><img loading=\"lazy\" decoding=\"async\" src=\"https:\/\/panavan.fr\/wp-content\/uploads\/2024\/12\/photo-smore-300x225.jpg\" width=\"300\" height=\"225\" alt=\"\" class=\"wp-image-1585 alignnone size-medium\" srcset=\"https:\/\/panavan.fr\/wp-content\/uploads\/2024\/12\/photo-smore-300x225.jpg 300w, https:\/\/panavan.fr\/wp-content\/uploads\/2024\/12\/photo-smore-1024x768.jpg 1024w, https:\/\/panavan.fr\/wp-content\/uploads\/2024\/12\/photo-smore-768x576.jpg 768w, https:\/\/panavan.fr\/wp-content\/uploads\/2024\/12\/photo-smore-1536x1152.jpg 1536w, https:\/\/panavan.fr\/wp-content\/uploads\/2024\/12\/photo-smore-2048x1536.jpg 2048w, https:\/\/panavan.fr\/wp-content\/uploads\/2024\/12\/photo-smore-510x382.jpg 510w, https:\/\/panavan.fr\/wp-content\/uploads\/2024\/12\/photo-smore-1080x810.jpg 1080w\" sizes=\"(max-width: 300px) 100vw, 300px\" \/><\/p>\n<p>APRES<\/p>\n<p>Conception et fourniture d&rsquo;une structure porteuse, vanne type guillotine, et cric et sa cr\u00e9maill\u00e8re<\/p>\n<p>[\/et_pb_slide][\/et_pb_slider][et_pb_slider arrows_custom_color=\u00a0\u00bb#7a7e82&Prime; dot_nav_custom_color=\u00a0\u00bb#7a7e82&Prime; _builder_version=\u00a0\u00bb4.27.4&Prime; _module_preset=\u00a0\u00bbdefault\u00a0\u00bb header_font=\u00a0\u00bb||||||||\u00a0\u00bb header_text_color=\u00a0\u00bb#FFFFFF\u00a0\u00bb background_color=\u00a0\u00bb#b3ce7b\u00a0\u00bb custom_margin=\u00a0\u00bb-2px||||false|false\u00a0\u00bb custom_margin_tablet=\u00a0\u00bb150px||||false|false\u00a0\u00bb custom_margin_phone=\u00a0\u00bb50px||||false|false\u00a0\u00bb custom_margin_last_edited=\u00a0\u00bbon|phone\u00a0\u00bb animation_style=\u00a0\u00bbfade\u00a0\u00bb border_radii=\u00a0\u00bbon|10px|10px|10px|10px\u00a0\u00bb box_shadow_style=\u00a0\u00bbpreset1&Prime; global_colors_info=\u00a0\u00bb{}\u00a0\u00bb][et_pb_slide heading=\u00a0\u00bbCommune d&rsquo;Alluyes &#8211; Novembre 2022&Prime; use_text_overlay=\u00a0\u00bboff\u00a0\u00bb _builder_version=\u00a0\u00bb4.18.0&Prime; _module_preset=\u00a0\u00bbdefault\u00a0\u00bb header_font=\u00a0\u00bb|600|||||||\u00a0\u00bb header_text_color=\u00a0\u00bb#7a7e82&Prime; body_text_color=\u00a0\u00bb#7a7e82&Prime; text_orientation=\u00a0\u00bbcenter\u00a0\u00bb background_layout=\u00a0\u00bblight\u00a0\u00bb global_colors_info=\u00a0\u00bb{}\u00a0\u00bb sticky_transition=\u00a0\u00bbon\u00a0\u00bb]<\/p>\n<p><img loading=\"lazy\" decoding=\"async\" src=\"https:\/\/panavan.fr\/wp-content\/uploads\/2022\/11\/20220705_082605-225x300.jpg\" width=\"225\" height=\"300\" alt=\"\" class=\"wp-image-1434 alignnone size-medium\" srcset=\"https:\/\/panavan.fr\/wp-content\/uploads\/2022\/11\/20220705_082605-225x300.jpg 225w, https:\/\/panavan.fr\/wp-content\/uploads\/2022\/11\/20220705_082605-768x1024.jpg 768w, https:\/\/panavan.fr\/wp-content\/uploads\/2022\/11\/20220705_082605-1152x1536.jpg 1152w, https:\/\/panavan.fr\/wp-content\/uploads\/2022\/11\/20220705_082605-1536x2048.jpg 1536w, https:\/\/panavan.fr\/wp-content\/uploads\/2022\/11\/20220705_082605-1080x1440.jpg 1080w, https:\/\/panavan.fr\/wp-content\/uploads\/2022\/11\/20220705_082605-scaled.jpg 1920w\" sizes=\"(max-width: 225px) 100vw, 225px\" \/><\/p>\n<p><strong>AVANT<\/strong><\/p>\n<p><u>Objet des Travaux <\/u>:Clapet datant des ann\u00e9es 70 (grande vanne de 10 m\u00e8tres de L manoeuvr\u00e9e par un c\u00e2ble \u00e9lectrique)<\/p>\n<p><u>Site<\/u> : Situ\u00e9 sur un bras secondaire du Loir. Ouvrage d&rsquo;utilit\u00e9 publique<\/p>\n<p><u>Taille du clapet <\/u>: 10 m de L<\/p>\n<p><u>Niveau d\u2019eau \u00e0 maintenir <\/u>:1300mm<\/p>\n<p><u>Probl\u00e9matique<\/u> : Assurer une R\u00e9gulation automatique pour prot\u00e9ger la Commune d&rsquo;Alluyes des crues<\/p>\n<p>&nbsp;<\/p>\n<p>[\/et_pb_slide][et_pb_slide heading=\u00a0\u00bbCommune d&rsquo;Alluyes (28) Novembre 2022&Prime; use_text_overlay=\u00a0\u00bboff\u00a0\u00bb _builder_version=\u00a0\u00bb4.18.0&Prime; _module_preset=\u00a0\u00bbdefault\u00a0\u00bb header_font=\u00a0\u00bb|600|||||||\u00a0\u00bb header_text_color=\u00a0\u00bb#7a7e82&Prime; body_text_color=\u00a0\u00bb#7a7e82&Prime; text_orientation=\u00a0\u00bbcenter\u00a0\u00bb background_layout=\u00a0\u00bblight\u00a0\u00bb global_colors_info=\u00a0\u00bb{}\u00a0\u00bb sticky_transition=\u00a0\u00bbon\u00a0\u00bb]<\/p>\n<p><img loading=\"lazy\" decoding=\"async\" src=\"https:\/\/panavan.fr\/wp-content\/uploads\/2022\/11\/20221116_142733-1-300x225.jpg\" width=\"300\" height=\"225\" alt=\"\" class=\"wp-image-1435 alignnone size-medium\" srcset=\"https:\/\/panavan.fr\/wp-content\/uploads\/2022\/11\/20221116_142733-1-300x225.jpg 300w, https:\/\/panavan.fr\/wp-content\/uploads\/2022\/11\/20221116_142733-1-1024x768.jpg 1024w, https:\/\/panavan.fr\/wp-content\/uploads\/2022\/11\/20221116_142733-1-768x576.jpg 768w, https:\/\/panavan.fr\/wp-content\/uploads\/2022\/11\/20221116_142733-1-1536x1152.jpg 1536w, https:\/\/panavan.fr\/wp-content\/uploads\/2022\/11\/20221116_142733-1-2048x1536.jpg 2048w, https:\/\/panavan.fr\/wp-content\/uploads\/2022\/11\/20221116_142733-1-510x382.jpg 510w, https:\/\/panavan.fr\/wp-content\/uploads\/2022\/11\/20221116_142733-1-1080x810.jpg 1080w\" sizes=\"(max-width: 300px) 100vw, 300px\" \/><\/p>\n<p><strong>APRES<\/strong><\/p>\n<p><u>Objet des Travaux <\/u>:Remplacement du clapet par un nouvel ouvrage con\u00e7u pour s&rsquo;adapter au b\u00e2ti existant compos\u00e9 d&rsquo;une structure acier d&rsquo;une longeur de 10 m + passerelle + 4 vannes de r\u00e9gulation PANAVAN \u00e9quip\u00e9es de grille anti choc et 4 blocs crics et cr\u00e9maill\u00e8res IVEA<\/p>\n<p><u>Site<\/u> : Commune d&rsquo;Alluyes (28)<\/p>\n<p><u>Taille des vannes <\/u>: 2100 L*1600H<\/p>\n<p><u>Niveau d\u2019eau \u00e0 maintenir <\/u>:1300mm<\/p>\n<p><u>Probl\u00e9matique<\/u> : Le nouvel ouvrage conserve le m\u00eame objectif de r\u00e9gulation que l&rsquo;ancien clapet tout en permettant une gestion beaucoup moins contraignante et plus \u00e9conomique. L&rsquo;auto-r\u00e9gulation des vannes permet en effet de limiter les d\u00e9placements, les manoeuvres et les frais d&rsquo;entretien (fonctionnement m\u00e9canique).<\/p>\n<p>&nbsp;<\/p>\n<p>[\/et_pb_slide][\/et_pb_slider][et_pb_slider arrows_custom_color=\u00a0\u00bb#FFFFFF\u00a0\u00bb dot_nav_custom_color=\u00a0\u00bb#FFFFFF\u00a0\u00bb _builder_version=\u00a0\u00bb4.16&Prime; _module_preset=\u00a0\u00bbdefault\u00a0\u00bb background_color=\u00a0\u00bbrgba(26,56,84,0.73)\u00a0\u00bb custom_margin=\u00a0\u00bb150px||||false|false\u00a0\u00bb custom_margin_tablet=\u00a0\u00bb150px||||false|false\u00a0\u00bb custom_margin_phone=\u00a0\u00bb50px||||false|false\u00a0\u00bb custom_margin_last_edited=\u00a0\u00bbon|phone\u00a0\u00bb animation_style=\u00a0\u00bbfade\u00a0\u00bb border_radii=\u00a0\u00bbon|10px|10px|10px|10px\u00a0\u00bb box_shadow_style=\u00a0\u00bbpreset1&Prime; global_colors_info=\u00a0\u00bb{}\u00a0\u00bb][et_pb_slide heading=\u00a0\u00bbCommune de Saint-Piat (28) &#8211; Juillet 2021&Prime; use_text_overlay=\u00a0\u00bboff\u00a0\u00bb _builder_version=\u00a0\u00bb4.16&Prime; _module_preset=\u00a0\u00bbdefault\u00a0\u00bb text_orientation=\u00a0\u00bbcenter\u00a0\u00bb global_colors_info=\u00a0\u00bb{}\u00a0\u00bb sticky_transition=\u00a0\u00bbon\u00a0\u00bb]<\/p>\n<p><img loading=\"lazy\" decoding=\"async\" src=\"https:\/\/panavan.fr\/wp-content\/uploads\/2022\/04\/saint-piat-1-300x225.jpg\" width=\"300\" height=\"225\" alt=\"\" class=\"wp-image-1309 alignnone size-medium\" srcset=\"https:\/\/panavan.fr\/wp-content\/uploads\/2022\/04\/saint-piat-1-300x225.jpg 300w, https:\/\/panavan.fr\/wp-content\/uploads\/2022\/04\/saint-piat-1-510x382.jpg 510w, https:\/\/panavan.fr\/wp-content\/uploads\/2022\/04\/saint-piat-1.jpg 672w\" sizes=\"(max-width: 300px) 100vw, 300px\" \/><\/p>\n<p><strong>AVANT<\/strong><\/p>\n<p>Ancien vannage compos\u00e9 d\u2019une grande vanne et 2 autres vannes de type \u00ab\u00a0guillotine\u00a0\u00bb difficiles \u00e0 man\u0153uvrer.<\/p>\n<p><b>Vannages situ\u00e9s dans un Moulin priv\u00e9 mais dont la gestion incombe \u00e0 la Mairie. <\/b><\/p>\n<p><b>Les 2 vannages fonctionnent ainsi en autonomie 24h\/24, 7J\/7\u00a0<\/b><\/p>\n<p>[\/et_pb_slide][et_pb_slide heading=\u00a0\u00bbCommune de Saint-Piat (28) &#8211; Juillet 2021&Prime; use_text_overlay=\u00a0\u00bboff\u00a0\u00bb _builder_version=\u00a0\u00bb4.16&Prime; _module_preset=\u00a0\u00bbdefault\u00a0\u00bb text_orientation=\u00a0\u00bbcenter\u00a0\u00bb global_colors_info=\u00a0\u00bb{}\u00a0\u00bb sticky_transition=\u00a0\u00bbon\u00a0\u00bb]<\/p>\n<p><img loading=\"lazy\" decoding=\"async\" src=\"https:\/\/panavan.fr\/wp-content\/uploads\/2022\/04\/saint-piat-2-300x194.jpg\" width=\"300\" height=\"194\" alt=\"\" class=\"wp-image-1310 alignnone size-medium\" srcset=\"https:\/\/panavan.fr\/wp-content\/uploads\/2022\/04\/saint-piat-2-300x194.jpg 300w, https:\/\/panavan.fr\/wp-content\/uploads\/2022\/04\/saint-piat-2-768x497.jpg 768w, https:\/\/panavan.fr\/wp-content\/uploads\/2022\/04\/saint-piat-2.jpg 785w\" sizes=\"(max-width: 300px) 100vw, 300px\" \/><\/p>\n<p><strong>APRES<\/strong><\/p>\n<p>Remplacement par 1 double vanne Panavan et 2 autres vannes simples Panavan r\u00e9gulant en autonomie 24h\/24. Remplacement des blocs crics &amp; cr\u00e9maill\u00e8res.<\/p>\n<p><b>Vannages situ\u00e9s dans un Moulin priv\u00e9 mais dont la gestion incombe \u00e0 la Mairie. <\/b><\/p>\n<p><b>Les 2 vannages fonctionnent ainsi en autonomie 24h\/24, 7J\/7\u00a0<\/b><\/p>\n<p>[\/et_pb_slide][\/et_pb_slider][et_pb_slider arrows_custom_color=\u00a0\u00bb#7a7e82&Prime; dot_nav_custom_color=\u00a0\u00bb#7a7e82&Prime; _builder_version=\u00a0\u00bb4.16&Prime; _module_preset=\u00a0\u00bbdefault\u00a0\u00bb header_font=\u00a0\u00bb||||||||\u00a0\u00bb header_text_color=\u00a0\u00bb#FFFFFF\u00a0\u00bb background_color=\u00a0\u00bb#b3ce7b\u00a0\u00bb custom_margin=\u00a0\u00bb150px||||false|false\u00a0\u00bb custom_margin_tablet=\u00a0\u00bb150px||||false|false\u00a0\u00bb custom_margin_phone=\u00a0\u00bb50px||||false|false\u00a0\u00bb custom_margin_last_edited=\u00a0\u00bbon|phone\u00a0\u00bb animation_style=\u00a0\u00bbfade\u00a0\u00bb border_radii=\u00a0\u00bbon|10px|10px|10px|10px\u00a0\u00bb box_shadow_style=\u00a0\u00bbpreset1&Prime; global_colors_info=\u00a0\u00bb{}\u00a0\u00bb][et_pb_slide heading=\u00a0\u00bbCommune d&rsquo;Orignolles (16) &#8211; Juillet 2020&Prime; use_text_overlay=\u00a0\u00bboff\u00a0\u00bb _builder_version=\u00a0\u00bb4.16&Prime; _module_preset=\u00a0\u00bbdefault\u00a0\u00bb header_font=\u00a0\u00bb|600|||||||\u00a0\u00bb header_text_color=\u00a0\u00bb#7a7e82&Prime; body_text_color=\u00a0\u00bb#7a7e82&Prime; text_orientation=\u00a0\u00bbcenter\u00a0\u00bb background_layout=\u00a0\u00bblight\u00a0\u00bb global_colors_info=\u00a0\u00bb{}\u00a0\u00bb sticky_transition=\u00a0\u00bbon\u00a0\u00bb]<\/p>\n<p><img loading=\"lazy\" decoding=\"async\" src=\"https:\/\/panavan.fr\/wp-content\/uploads\/2022\/04\/orignolles1-300x244.jpg\" width=\"300\" height=\"244\" alt=\"\" class=\"wp-image-1315 alignnone size-medium\" srcset=\"https:\/\/panavan.fr\/wp-content\/uploads\/2022\/04\/orignolles1-300x244.jpg 300w, https:\/\/panavan.fr\/wp-content\/uploads\/2022\/04\/orignolles1.jpg 697w\" sizes=\"(max-width: 300px) 100vw, 300px\" \/><\/p>\n<p><strong>AVANT<\/strong><\/p>\n<p><u>Objet des Travaux <\/u>:Remplacement de 2\u00a0 anciennes vannes par des vannes automatiques<\/p>\n<p><u>Site<\/u> : Moulin priv\u00e9<\/p>\n<p><u>Taille des vannes <\/u>: 760 L*1725H<\/p>\n<p><u>Niveau d\u2019eau \u00e0 maintenir <\/u>:1500mm<\/p>\n<p><u>Probl\u00e9matique<\/u> : Assurer une R\u00e9gulation automatique<\/p>\n<p>&nbsp;<\/p>\n<p>[\/et_pb_slide][et_pb_slide heading=\u00a0\u00bbCommune d&rsquo;Orignolles (16) &#8211; Juillet 2020&Prime; use_text_overlay=\u00a0\u00bboff\u00a0\u00bb _builder_version=\u00a0\u00bb4.16&Prime; _module_preset=\u00a0\u00bbdefault\u00a0\u00bb header_font=\u00a0\u00bb|600|||||||\u00a0\u00bb header_text_color=\u00a0\u00bb#7a7e82&Prime; body_text_color=\u00a0\u00bb#7a7e82&Prime; text_orientation=\u00a0\u00bbcenter\u00a0\u00bb background_layout=\u00a0\u00bblight\u00a0\u00bb global_colors_info=\u00a0\u00bb{}\u00a0\u00bb sticky_transition=\u00a0\u00bbon\u00a0\u00bb]<\/p>\n<p><img loading=\"lazy\" decoding=\"async\" src=\"https:\/\/panavan.fr\/wp-content\/uploads\/2022\/04\/orignolles2-300x225.jpg\" width=\"300\" height=\"225\" alt=\"\" class=\"wp-image-1316 alignnone size-medium\" srcset=\"https:\/\/panavan.fr\/wp-content\/uploads\/2022\/04\/orignolles2-300x225.jpg 300w, https:\/\/panavan.fr\/wp-content\/uploads\/2022\/04\/orignolles2-510x382.jpg 510w, https:\/\/panavan.fr\/wp-content\/uploads\/2022\/04\/orignolles2.jpg 546w\" sizes=\"(max-width: 300px) 100vw, 300px\" \/><\/p>\n<p><strong>APRES<\/strong><\/p>\n<p><u>Objet des Travaux <\/u>:Remplacement de 2\u00a0 anciennes vannes par des vannes automatiques<\/p>\n<p><u>Site<\/u> : Moulin priv\u00e9<\/p>\n<p><u>Taille des vannes <\/u>: 760 L*1725H<\/p>\n<p><u>Niveau d\u2019eau \u00e0 maintenir <\/u>:1500mm<\/p>\n<p><u>Probl\u00e9matique<\/u> : Assurer une R\u00e9gulation automatique<\/p>\n<p>&nbsp;<\/p>\n<p>[\/et_pb_slide][\/et_pb_slider][et_pb_slider arrows_custom_color=\u00a0\u00bb#FFFFFF\u00a0\u00bb dot_nav_custom_color=\u00a0\u00bb#FFFFFF\u00a0\u00bb _builder_version=\u00a0\u00bb4.16&Prime; _module_preset=\u00a0\u00bbdefault\u00a0\u00bb background_color=\u00a0\u00bbrgba(26,56,84,0.73)\u00a0\u00bb custom_margin=\u00a0\u00bb150px||||false|false\u00a0\u00bb custom_margin_tablet=\u00a0\u00bb150px||||false|false\u00a0\u00bb custom_margin_phone=\u00a0\u00bb50px||||false|false\u00a0\u00bb custom_margin_last_edited=\u00a0\u00bbon|phone\u00a0\u00bb animation_style=\u00a0\u00bbfade\u00a0\u00bb border_radii=\u00a0\u00bbon|10px|10px|10px|10px\u00a0\u00bb box_shadow_style=\u00a0\u00bbpreset1&Prime; global_colors_info=\u00a0\u00bb{}\u00a0\u00bb][et_pb_slide heading=\u00a0\u00bbScierie (41) &#8211; Novembre 2019&Prime; use_text_overlay=\u00a0\u00bboff\u00a0\u00bb _builder_version=\u00a0\u00bb4.16&Prime; _module_preset=\u00a0\u00bbdefault\u00a0\u00bb text_orientation=\u00a0\u00bbcenter\u00a0\u00bb global_colors_info=\u00a0\u00bb{}\u00a0\u00bb sticky_transition=\u00a0\u00bbon\u00a0\u00bb]<\/p>\n<p><img loading=\"lazy\" decoding=\"async\" src=\"https:\/\/panavan.fr\/wp-content\/uploads\/2022\/04\/SCIERIE1-219x300.jpg\" width=\"219\" height=\"300\" alt=\"\" class=\"wp-image-1320 alignnone size-medium\" srcset=\"https:\/\/panavan.fr\/wp-content\/uploads\/2022\/04\/SCIERIE1-219x300.jpg 219w, https:\/\/panavan.fr\/wp-content\/uploads\/2022\/04\/SCIERIE1.jpg 484w\" sizes=\"(max-width: 219px) 100vw, 219px\" \/><\/p>\n<p><strong>AVANT<\/strong><\/p>\n<p>SYNDICAT DE LA CISSE<\/p>\n<p><u>Objet des Travaux <\/u>:Remplacement de 2\u00a0 anciennes vannes par des vannes automatiques. Servomoteurs d\u00e9fectueux<\/p>\n<p><u>Site<\/u> : Site isol\u00e9<\/p>\n<p><u>Taille des vannes <\/u>: 2 vannes 1850mm*1400<\/p>\n<p><u>Niveau d\u2019eau \u00e0 maintenir <\/u>:1050mm<\/p>\n<p><u>Probl\u00e9matique<\/u> : Vannage de d\u00e9charge dans la Loire<\/p>\n<p>[\/et_pb_slide][et_pb_slide heading=\u00a0\u00bbScierie (41) &#8211; Novembre 2019&Prime; use_text_overlay=\u00a0\u00bboff\u00a0\u00bb _builder_version=\u00a0\u00bb4.16&Prime; _module_preset=\u00a0\u00bbdefault\u00a0\u00bb text_orientation=\u00a0\u00bbcenter\u00a0\u00bb global_colors_info=\u00a0\u00bb{}\u00a0\u00bb sticky_transition=\u00a0\u00bbon\u00a0\u00bb]<\/p>\n<p><img loading=\"lazy\" decoding=\"async\" src=\"https:\/\/panavan.fr\/wp-content\/uploads\/2022\/04\/SCIERIE2-300x225.jpg\" width=\"300\" height=\"225\" alt=\"\" class=\"wp-image-1321 alignnone size-medium\" srcset=\"https:\/\/panavan.fr\/wp-content\/uploads\/2022\/04\/SCIERIE2-300x225.jpg 300w, https:\/\/panavan.fr\/wp-content\/uploads\/2022\/04\/SCIERIE2-768x576.jpg 768w, https:\/\/panavan.fr\/wp-content\/uploads\/2022\/04\/SCIERIE2-510x382.jpg 510w, https:\/\/panavan.fr\/wp-content\/uploads\/2022\/04\/SCIERIE2.jpg 793w\" sizes=\"(max-width: 300px) 100vw, 300px\" \/><\/p>\n<p><strong>APRES<\/strong><\/p>\n<p>SYNDICAT DE LA CISSE<\/p>\n<p><u>Objet des Travaux <\/u>:Remplacement de 2\u00a0 anciennes vannes par des vannes automatiques. Servomoteurs d\u00e9fectueux<\/p>\n<p><u>Site<\/u> : Site isol\u00e9<\/p>\n<p><u>Taille des vannes <\/u>: 2 vannes 1850mm*1400<\/p>\n<p><u>Niveau d\u2019eau \u00e0 maintenir <\/u>:1050mm<\/p>\n<p><u>Probl\u00e9matique<\/u> : Vannage de d\u00e9charge dans la Loire<\/p>\n<p>[\/et_pb_slide][\/et_pb_slider][et_pb_slider arrows_custom_color=\u00a0\u00bb#FFFFFF\u00a0\u00bb dot_nav_custom_color=\u00a0\u00bb#FFFFFF\u00a0\u00bb _builder_version=\u00a0\u00bb4.16&Prime; _module_preset=\u00a0\u00bbdefault\u00a0\u00bb background_color=\u00a0\u00bbrgba(72,78,84,0.73)\u00a0\u00bb custom_margin=\u00a0\u00bb150px||||false|false\u00a0\u00bb custom_margin_tablet=\u00a0\u00bb150px||||false|false\u00a0\u00bb custom_margin_phone=\u00a0\u00bb50px||||false|false\u00a0\u00bb custom_margin_last_edited=\u00a0\u00bbon|phone\u00a0\u00bb animation_style=\u00a0\u00bbfade\u00a0\u00bb border_radii=\u00a0\u00bbon|10px|10px|10px|10px\u00a0\u00bb box_shadow_style=\u00a0\u00bbpreset1&Prime; global_colors_info=\u00a0\u00bb{}\u00a0\u00bb][et_pb_slide heading=\u00a0\u00bbSequana (21) &#8211; Juillet 2019 &#8211; septembre 2019&Prime; use_text_overlay=\u00a0\u00bboff\u00a0\u00bb _builder_version=\u00a0\u00bb4.16&Prime; _module_preset=\u00a0\u00bbdefault\u00a0\u00bb header_font=\u00a0\u00bb||||||||\u00a0\u00bb text_orientation=\u00a0\u00bbcenter\u00a0\u00bb global_colors_info=\u00a0\u00bb{}\u00a0\u00bb sticky_transition=\u00a0\u00bbon\u00a0\u00bb]<\/p>\n<p><img loading=\"lazy\" decoding=\"async\" src=\"https:\/\/panavan.fr\/wp-content\/uploads\/2022\/04\/sequana-1-300x225.jpg\" width=\"300\" height=\"225\" alt=\"\" class=\"wp-image-1324 alignnone size-medium\" srcset=\"https:\/\/panavan.fr\/wp-content\/uploads\/2022\/04\/sequana-1-300x225.jpg 300w, https:\/\/panavan.fr\/wp-content\/uploads\/2022\/04\/sequana-1-510x382.jpg 510w, https:\/\/panavan.fr\/wp-content\/uploads\/2022\/04\/sequana-1.jpg 734w\" sizes=\"(max-width: 300px) 100vw, 300px\" \/>\u00a0<\/p>\n<p><strong>AVANT<\/strong><\/p>\n<p><u>Objet des Travaux <\/u>:R\u00e9fection enti\u00e8re du vannage (Structure, vannes, crics &amp; cr\u00e9maill\u00e8res, passerelle<\/p>\n<p><u>Site<\/u> : Commune de Chatillon sur Seine<\/p>\n<p><u>Taille des vannes <\/u>: 4 double vannes de 2000 mm de L<\/p>\n<p><u>Niveau d\u2019eau \u00e0 maintenir <\/u>: 920 mm<\/p>\n<p><u>Probl\u00e9matique<\/u> : Gestion automatique du niveau d\u2019eau notamment. Alimentation de la ville de Chatillon-Risque d\u2019inondation + int\u00e9gration dans un projet de Continuit\u00e9 \u00e9cologique avec cr\u00e9ation d\u2019une passe \u00e0 poisson<\/p>\n<p>[\/et_pb_slide][et_pb_slide heading=\u00a0\u00bbSequana (21) &#8211; Juillet 2019 &#8211; septembre 2019&Prime; use_text_overlay=\u00a0\u00bboff\u00a0\u00bb _builder_version=\u00a0\u00bb4.16&Prime; _module_preset=\u00a0\u00bbdefault\u00a0\u00bb header_font=\u00a0\u00bb||||||||\u00a0\u00bb text_orientation=\u00a0\u00bbcenter\u00a0\u00bb global_colors_info=\u00a0\u00bb{}\u00a0\u00bb sticky_transition=\u00a0\u00bbon\u00a0\u00bb]<\/p>\n<p>\u00a0<img loading=\"lazy\" decoding=\"async\" src=\"https:\/\/panavan.fr\/wp-content\/uploads\/2022\/04\/sequana-2-300x225.jpg\" width=\"300\" height=\"225\" alt=\"\" class=\"wp-image-1325 alignnone size-medium\" srcset=\"https:\/\/panavan.fr\/wp-content\/uploads\/2022\/04\/sequana-2-300x225.jpg 300w, https:\/\/panavan.fr\/wp-content\/uploads\/2022\/04\/sequana-2-510x382.jpg 510w, https:\/\/panavan.fr\/wp-content\/uploads\/2022\/04\/sequana-2.jpg 723w\" sizes=\"(max-width: 300px) 100vw, 300px\" \/><\/p>\n<p><strong>APRES<\/strong><\/p>\n<p><u>Objet des Travaux <\/u>:R\u00e9fection enti\u00e8re du vannage (Structure, vannes, crics &amp; cr\u00e9maill\u00e8res, passerelle<\/p>\n<p><u>Site<\/u> : Commune de Chatillon sur Seine<\/p>\n<p><u>Taille des vannes <\/u>: 4 double vannes de 2000 mm de L<\/p>\n<p><u>Niveau d\u2019eau \u00e0 maintenir <\/u>: 920 mm<\/p>\n<p><u>Probl\u00e9matique<\/u> : Gestion automatique du niveau d\u2019eau notamment. Alimentation de la ville de Chatillon-Risque d\u2019inondation + int\u00e9gration dans un projet de Continuit\u00e9 \u00e9cologique avec cr\u00e9ation d\u2019une passe \u00e0 poisson<\/p>\n<p>[\/et_pb_slide][\/et_pb_slider][et_pb_slider arrows_custom_color=\u00a0\u00bb#FFFFFF\u00a0\u00bb dot_nav_custom_color=\u00a0\u00bb#FFFFFF\u00a0\u00bb _builder_version=\u00a0\u00bb4.16&Prime; _module_preset=\u00a0\u00bbdefault\u00a0\u00bb background_color=\u00a0\u00bbrgba(72,78,84,0.73)\u00a0\u00bb custom_margin=\u00a0\u00bb150px||||false|false\u00a0\u00bb animation_style=\u00a0\u00bbfade\u00a0\u00bb border_radii=\u00a0\u00bbon|10px|10px|10px|10px\u00a0\u00bb box_shadow_style=\u00a0\u00bbpreset1&Prime; global_colors_info=\u00a0\u00bb{}\u00a0\u00bb][et_pb_slide heading=\u00a0\u00bbMoulin Chevalier (21) &#8211; Octobre 2018&Prime; use_text_overlay=\u00a0\u00bboff\u00a0\u00bb _builder_version=\u00a0\u00bb4.16&Prime; _module_preset=\u00a0\u00bbdefault\u00a0\u00bb text_orientation=\u00a0\u00bbcenter\u00a0\u00bb global_colors_info=\u00a0\u00bb{}\u00a0\u00bb sticky_transition=\u00a0\u00bbon\u00a0\u00bb]<\/p>\n<p><img loading=\"lazy\" decoding=\"async\" src=\"https:\/\/panavan.fr\/wp-content\/uploads\/2022\/03\/CHEVALIER-1-300x184.jpg\" width=\"300\" height=\"184\" alt=\"\" class=\"wp-image-1143 alignnone size-medium\" srcset=\"https:\/\/panavan.fr\/wp-content\/uploads\/2022\/03\/CHEVALIER-1-300x184.jpg 300w, https:\/\/panavan.fr\/wp-content\/uploads\/2022\/03\/CHEVALIER-1.jpg 766w\" sizes=\"(max-width: 300px) 100vw, 300px\" \/>\u00a0<\/p>\n<p>AVANT<\/p>\n<p><u>Objet des Travaux <\/u>: Vannage disparu (structure bois, vannes)-Reconstruire le vannage : structure, vannes, crics &amp; cr\u00e9maill\u00e8res<\/p>\n<p><u>Site<\/u> : Moulin priv\u00e9<\/p>\n<p><u>Dimension structure<\/u> : 5000mm*3000mm<\/p>\n<p><u>Taille de vanne <\/u>: 2 vannes automatiques Panavan 860*1170 + 1 vanne Fixe<\/p>\n<p><u>Niveau d\u2019eau \u00e0 maintenir<\/u> : 930mm<\/p>\n<p><u>Probl\u00e9matique<\/u> : Gestion automatique du niveau d\u2019eau notamment en cas d\u2019absence du propri\u00e9taire. Maintien niveau d\u2019eau pour pr\u00e9servation des fondations du Moulin<\/p>\n<p>[\/et_pb_slide][et_pb_slide heading=\u00a0\u00bbMoulin Chevalier (21) &#8211; Octobre 2018&Prime; use_text_overlay=\u00a0\u00bboff\u00a0\u00bb _builder_version=\u00a0\u00bb4.16&Prime; _module_preset=\u00a0\u00bbdefault\u00a0\u00bb text_orientation=\u00a0\u00bbcenter\u00a0\u00bb global_colors_info=\u00a0\u00bb{}\u00a0\u00bb sticky_transition=\u00a0\u00bbon\u00a0\u00bb]<\/p>\n<p><img loading=\"lazy\" decoding=\"async\" src=\"https:\/\/panavan.fr\/wp-content\/uploads\/2022\/03\/CHEVALIER-2.jpg\" width=\"300\" height=\"225\" alt=\"\" class=\"wp-image-1144 alignnone size-full\" \/><\/p>\n<p>APRES<\/p>\n<p><u>Objet des Travaux <\/u>: Vannage disparu (structure bois, vannes)-Reconstruire le vannage : structure, vannes, crics &amp; cr\u00e9maill\u00e8res<\/p>\n<p><u>Site<\/u> : Moulin priv\u00e9<\/p>\n<p><u>Dimension structure<\/u> : 5000mm*3000mm<\/p>\n<p><u>Taille de vanne <\/u>: 2 vannes automatiques Panavan 860*1170 + 1 vanne Fixe<\/p>\n<p><u>Niveau d\u2019eau \u00e0 maintenir<\/u> : 930mm<\/p>\n<p><u>Probl\u00e9matique<\/u> : Gestion automatique du niveau d\u2019eau notamment en cas d\u2019absence du propri\u00e9taire. Maintien niveau d\u2019eau pour pr\u00e9servation des fondations du Moulin<\/p>\n<p>[\/et_pb_slide][\/et_pb_slider][et_pb_slider arrows_custom_color=\u00a0\u00bb#FFFFFF\u00a0\u00bb dot_nav_custom_color=\u00a0\u00bb#FFFFFF\u00a0\u00bb _builder_version=\u00a0\u00bb4.16&Prime; _module_preset=\u00a0\u00bbdefault\u00a0\u00bb background_color=\u00a0\u00bbrgba(26,56,84,0.73)\u00a0\u00bb custom_margin=\u00a0\u00bb150px||||false|false\u00a0\u00bb custom_margin_tablet=\u00a0\u00bb150px||||false|false\u00a0\u00bb custom_margin_phone=\u00a0\u00bb50px||||false|false\u00a0\u00bb custom_margin_last_edited=\u00a0\u00bbon|phone\u00a0\u00bb animation_style=\u00a0\u00bbfade\u00a0\u00bb border_radii=\u00a0\u00bbon|10px|10px|10px|10px\u00a0\u00bb box_shadow_style=\u00a0\u00bbpreset1&Prime; global_colors_info=\u00a0\u00bb{}\u00a0\u00bb][et_pb_slide heading=\u00a0\u00bbChartre-sur-le-loir (72) &#8211; 2016\/2017&Prime; use_text_overlay=\u00a0\u00bboff\u00a0\u00bb _builder_version=\u00a0\u00bb4.16&Prime; _module_preset=\u00a0\u00bbdefault\u00a0\u00bb text_orientation=\u00a0\u00bbcenter\u00a0\u00bb global_colors_info=\u00a0\u00bb{}\u00a0\u00bb sticky_transition=\u00a0\u00bbon\u00a0\u00bb]<\/p>\n<p><img loading=\"lazy\" decoding=\"async\" src=\"https:\/\/panavan.fr\/wp-content\/uploads\/2022\/03\/CHARTRE-257x300.jpg\" width=\"257\" height=\"300\" alt=\"\" class=\"wp-image-1024 alignnone size-medium\" srcset=\"https:\/\/panavan.fr\/wp-content\/uploads\/2022\/03\/CHARTRE-257x300.jpg 257w, https:\/\/panavan.fr\/wp-content\/uploads\/2022\/03\/CHARTRE.jpg 355w\" sizes=\"(max-width: 257px) 100vw, 257px\" \/><\/p>\n<p><strong>AVANT<\/strong><\/p>\n<p><strong><u>Objet des Travaux <\/u>:<\/strong> Remplacement d\u2019une vanne classique par 1 vanne PANAVAN sur barrage compos\u00e9 de 3 vannes puis l\u2019ann\u00e9e suivante Remplacement des 2 autres<\/p>\n<p><strong><u>Site<\/u> :<\/strong> Bras du loir dans Commune<\/p>\n<p><strong><u>Taille de vanne <\/u>:<\/strong> 1,4 m(H) * 1,6 m(L)<\/p>\n<p><strong><u>Niveau d\u2019eau \u00e0 maintenir <\/u>:<\/strong> 1 m<\/p>\n<p><strong><u>Probl\u00e9matique<\/u> :<\/strong> Gestion automatique du niveau d\u2019eau notamment en cas d\u2019absence du technicien de rivi\u00e8re. La vanne permet de r\u00e9guler les mont\u00e9es d\u2019eau et garder l\u2019eau en p\u00e9riode d\u2019\u00e9tiage<\/p>\n<p>[\/et_pb_slide][et_pb_slide heading=\u00a0\u00bbChartre-sur-le-loir (72) &#8211; 2016\/2017&Prime; use_text_overlay=\u00a0\u00bboff\u00a0\u00bb _builder_version=\u00a0\u00bb4.16&Prime; _module_preset=\u00a0\u00bbdefault\u00a0\u00bb text_orientation=\u00a0\u00bbcenter\u00a0\u00bb global_colors_info=\u00a0\u00bb{}\u00a0\u00bb sticky_transition=\u00a0\u00bbon\u00a0\u00bb]<\/p>\n<p><img loading=\"lazy\" decoding=\"async\" src=\"https:\/\/panavan.fr\/wp-content\/uploads\/2022\/03\/CHARTRE-2-274x300.jpg\" width=\"274\" height=\"300\" alt=\"\" class=\"wp-image-1025 alignnone size-medium\" srcset=\"https:\/\/panavan.fr\/wp-content\/uploads\/2022\/03\/CHARTRE-2-274x300.jpg 274w, https:\/\/panavan.fr\/wp-content\/uploads\/2022\/03\/CHARTRE-2.jpg 591w\" sizes=\"(max-width: 274px) 100vw, 274px\" \/><\/p>\n<p><strong>APRES<\/strong><\/p>\n<p><strong><u>Objet des Travaux <\/u>:<\/strong> Remplacement d\u2019une vanne classique par 1 vanne PANAVAN sur barrage compos\u00e9 de 3 vannes puis l\u2019ann\u00e9e suivante Remplacement des 2 autres<\/p>\n<p><strong><u>Site<\/u> :<\/strong> Bras du loir dans Commune<\/p>\n<p><strong><u>Taille de vanne <\/u>:<\/strong> 1,4 m(H) * 1,6 m(L)<\/p>\n<p><strong><u>Niveau d\u2019eau \u00e0 maintenir <\/u>:<\/strong> 1 m<\/p>\n<p><strong><u>Probl\u00e9matique<\/u> :<\/strong> Gestion automatique du niveau d\u2019eau notamment en cas d\u2019absence du technicien de rivi\u00e8re. La vanne permet de r\u00e9guler les mont\u00e9es d\u2019eau et garder l\u2019eau en p\u00e9riode d\u2019\u00e9tiage<\/p>\n<p>[\/et_pb_slide][\/et_pb_slider][et_pb_slider arrows_custom_color=\u00a0\u00bb#7a7e82&Prime; dot_nav_custom_color=\u00a0\u00bb#7a7e82&Prime; _builder_version=\u00a0\u00bb4.16&Prime; _module_preset=\u00a0\u00bbdefault\u00a0\u00bb header_font=\u00a0\u00bb||||||||\u00a0\u00bb header_text_color=\u00a0\u00bb#FFFFFF\u00a0\u00bb background_color=\u00a0\u00bb#b3ce7b\u00a0\u00bb custom_margin=\u00a0\u00bb150px||||false|false\u00a0\u00bb custom_margin_tablet=\u00a0\u00bb150px||||false|false\u00a0\u00bb custom_margin_phone=\u00a0\u00bb50px||||false|false\u00a0\u00bb custom_margin_last_edited=\u00a0\u00bbon|phone\u00a0\u00bb animation_style=\u00a0\u00bbfade\u00a0\u00bb border_radii=\u00a0\u00bbon|10px|10px|10px|10px\u00a0\u00bb box_shadow_style=\u00a0\u00bbpreset1&Prime; global_colors_info=\u00a0\u00bb{}\u00a0\u00bb][et_pb_slide heading=\u00a0\u00bbCommune de Bonneval (28) &#8211; 2016&Prime; use_text_overlay=\u00a0\u00bboff\u00a0\u00bb _builder_version=\u00a0\u00bb4.16&Prime; _module_preset=\u00a0\u00bbdefault\u00a0\u00bb header_font=\u00a0\u00bb|600|||||||\u00a0\u00bb header_text_color=\u00a0\u00bb#7a7e82&Prime; body_text_color=\u00a0\u00bb#7a7e82&Prime; text_orientation=\u00a0\u00bbcenter\u00a0\u00bb background_layout=\u00a0\u00bblight\u00a0\u00bb global_colors_info=\u00a0\u00bb{}\u00a0\u00bb sticky_transition=\u00a0\u00bbon\u00a0\u00bb]<\/p>\n<p><img loading=\"lazy\" decoding=\"async\" src=\"https:\/\/panavan.fr\/wp-content\/uploads\/2022\/03\/BONNEVAL-300x247.jpg\" width=\"300\" height=\"247\" alt=\"\" class=\"wp-image-1021 alignnone size-medium\" srcset=\"https:\/\/panavan.fr\/wp-content\/uploads\/2022\/03\/BONNEVAL-300x247.jpg 300w, https:\/\/panavan.fr\/wp-content\/uploads\/2022\/03\/BONNEVAL.jpg 746w\" sizes=\"(max-width: 300px) 100vw, 300px\" \/><\/p>\n<p><strong>AVANT<\/strong><\/p>\n<p><span style=\"text-decoration: underline;\">Objet des travaux :<\/span> Remplacement par \u00e9tape des vannes classiques par des vannes automatiques types Panavan 2 vannes en 2014 puis 2 vannes en 2016<\/p>\n<p><span style=\"text-decoration: underline;\">Taille des vannes :<\/span> 1,3 m (H)*1,3m(L) et 1,5m(H)*1m(L)<\/p>\n<p><span style=\"text-decoration: underline;\"><span style=\"font-weight: 400;\">Niveau d\u2019eau \u00e0 maintenir <\/span><\/span><span style=\"font-weight: 400;\"><span style=\"text-decoration: underline;\">:<\/span> 1m05 et 1m33<\/span><\/p>\n<p><span style=\"text-decoration: underline;\"><span style=\"font-weight: 400;\">Site<\/span><\/span><span style=\"font-weight: 400;\"><span style=\"text-decoration: underline;\"> :<\/span> Commune<\/span><\/p>\n<p><span style=\"text-decoration: underline;\"><span style=\"font-weight: 400;\">Probl\u00e9matique<\/span><\/span><span style=\"font-weight: 400;\"><span style=\"text-decoration: underline;\"> :<\/span> Maintenir un niveau d\u2019eau amont constant (canal de la ville de Bonneval), soulager le personnel technique, limiter les astreintes<\/span><\/p>\n<p>[\/et_pb_slide][et_pb_slide heading=\u00a0\u00bbCommune de Bonneval (28) &#8211; 2016&Prime; use_text_overlay=\u00a0\u00bboff\u00a0\u00bb _builder_version=\u00a0\u00bb4.16&Prime; _module_preset=\u00a0\u00bbdefault\u00a0\u00bb header_font=\u00a0\u00bb|600|||||||\u00a0\u00bb header_text_color=\u00a0\u00bb#7a7e82&Prime; body_text_color=\u00a0\u00bb#7a7e82&Prime; text_orientation=\u00a0\u00bbcenter\u00a0\u00bb background_layout=\u00a0\u00bblight\u00a0\u00bb global_colors_info=\u00a0\u00bb{}\u00a0\u00bb sticky_transition=\u00a0\u00bbon\u00a0\u00bb]<\/p>\n<p><img loading=\"lazy\" decoding=\"async\" src=\"https:\/\/panavan.fr\/wp-content\/uploads\/2022\/03\/BONNEVAL-2-293x300.jpg\" width=\"293\" height=\"300\" alt=\"\" class=\"wp-image-1020 alignnone size-medium\" srcset=\"https:\/\/panavan.fr\/wp-content\/uploads\/2022\/03\/BONNEVAL-2-293x300.jpg 293w, https:\/\/panavan.fr\/wp-content\/uploads\/2022\/03\/BONNEVAL-2.jpg 611w\" sizes=\"(max-width: 293px) 100vw, 293px\" \/><\/p>\n<p><strong>APRES<\/strong><\/p>\n<p><span style=\"text-decoration: underline;\">Objet des travaux :<\/span> Remplacement par \u00e9tape des vannes classiques par des vannes automatiques types Panavan 2 vannes en 2014 puis 2 vannes en 2016<\/p>\n<p><span style=\"text-decoration: underline;\">Taille des vannes :<\/span> 1,3 m (H)*1,3m(L) et 1,5m(H)*1m(L)<\/p>\n<p><span style=\"text-decoration: underline;\"><span style=\"font-weight: 400;\">Niveau d\u2019eau \u00e0 maintenir <\/span><\/span><span style=\"font-weight: 400;\"><span style=\"text-decoration: underline;\">:<\/span> 1m05 et 1m33<\/span><\/p>\n<p><span style=\"text-decoration: underline;\"><span style=\"font-weight: 400;\">Site<\/span><\/span><span style=\"font-weight: 400;\"><span style=\"text-decoration: underline;\"> :<\/span> Commune<\/span><\/p>\n<p><span style=\"text-decoration: underline;\"><span style=\"font-weight: 400;\">Probl\u00e9matique<\/span><\/span><span style=\"font-weight: 400;\"><span style=\"text-decoration: underline;\"> :<\/span> Maintenir un niveau d\u2019eau amont constant (canal de la ville de Bonneval), soulager le personnel technique, limiter les astreintes<\/span><\/p>\n<p>[\/et_pb_slide][\/et_pb_slider][\/et_pb_column][\/et_pb_row][\/et_pb_section][et_pb_section fb_built=\u00a0\u00bb1&Prime; _builder_version=\u00a0\u00bb4.27.0&Prime; _module_preset=\u00a0\u00bbdefault\u00a0\u00bb global_colors_info=\u00a0\u00bb{}\u00a0\u00bb][et_pb_row _builder_version=\u00a0\u00bb4.27.0&Prime; _module_preset=\u00a0\u00bbdefault\u00a0\u00bb global_colors_info=\u00a0\u00bb{}\u00a0\u00bb][et_pb_column type=\u00a0\u00bb4_4&Prime; _builder_version=\u00a0\u00bb4.27.0&Prime; _module_preset=\u00a0\u00bbdefault\u00a0\u00bb global_colors_info=\u00a0\u00bb{}\u00a0\u00bb][\/et_pb_column][\/et_pb_row][\/et_pb_section]<\/p>\n","protected":false},"excerpt":{"rendered":"<p>Retrouvez nos r\u00e9alisations effectu\u00e9es par l&rsquo;\u00e9quipe de TMFCT Ouvrages Hydrauliques-PANAVAN. (Moulin, barrage, \u00e9cluse, turbine, passerelle..) Site priv\u00e9-Aunay sous Crecy (28) AVANT Etude pour conception, Fabrication et installation sur dalot d&rsquo;une vanne pour r\u00e9serve incendie &nbsp; Site priv\u00e9-Aunay sous Crecy (28) Dec 25 APRES Objet des Travaux :Etudes et Conception sur mesure, Fab et Installation&#8230;<\/p>","protected":false},"author":1,"featured_media":0,"parent":0,"menu_order":0,"comment_status":"closed","ping_status":"closed","template":"","meta":{"_acf_changed":false,"_seopress_robots_primary_cat":"","_seopress_titles_title":"Nos R\u00e9alisations | PANAVAN.FR","_seopress_titles_desc":"D\u00e9couvrez toutes nos r\u00e9alisations, vannes mobiles PANAVAN, vannes automatiques, vannes classiques, auto-r\u00e9gulation du niveau d&#039;eau, gestion automatique, barrages, \u00e9cluse, passerelles...","_seopress_robots_index":"","_et_pb_use_builder":"on","_et_pb_old_content":"<!-- wp:divi\/placeholder \/-->","_et_gb_content_width":"","footnotes":""},"class_list":{"0":"post-847","1":"page","2":"type-page","3":"status-publish","5":"infinite-scroll-item"},"acf":[],"_links":{"self":[{"href":"https:\/\/panavan.fr\/en\/wp-json\/wp\/v2\/pages\/847","targetHints":{"allow":["GET"]}}],"collection":[{"href":"https:\/\/panavan.fr\/en\/wp-json\/wp\/v2\/pages"}],"about":[{"href":"https:\/\/panavan.fr\/en\/wp-json\/wp\/v2\/types\/page"}],"author":[{"embeddable":true,"href":"https:\/\/panavan.fr\/en\/wp-json\/wp\/v2\/users\/1"}],"replies":[{"embeddable":true,"href":"https:\/\/panavan.fr\/en\/wp-json\/wp\/v2\/comments?post=847"}],"version-history":[{"count":32,"href":"https:\/\/panavan.fr\/en\/wp-json\/wp\/v2\/pages\/847\/revisions"}],"predecessor-version":[{"id":1738,"href":"https:\/\/panavan.fr\/en\/wp-json\/wp\/v2\/pages\/847\/revisions\/1738"}],"wp:attachment":[{"href":"https:\/\/panavan.fr\/en\/wp-json\/wp\/v2\/media?parent=847"}],"curies":[{"name":"wp","href":"https:\/\/api.w.org\/{rel}","templated":true}]}}